{"id":16297,"date":"2021-02-11T10:05:13","date_gmt":"2021-02-11T10:05:13","guid":{"rendered":"http:\/\/urquiabas.com\/?page_id=16297"},"modified":"2023-11-27T09:27:58","modified_gmt":"2023-11-27T08:27:58","slug":"seguro-de-planes-de-pensiones","status":"publish","type":"page","link":"https:\/\/urquiabas.com\/ca\/seguro-de-planes-de-pensiones\/","title":{"rendered":"Asseguran\u00e7a de plans de pensions"},"content":{"rendered":"\n<p>Els plans de pensions d\u201focupaci\u00f3 s\u00f3n plans d\u201festalvi promoguts des de les empreses com a complement salarial per als seus treballadors, aportant una quantitat mensual per constituir un fons de cara a la jubilaci\u00f3.<\/p>\n\n<p>S\u00f3n plans impulsats per les empreses per completar la pensi\u00f3 p\u00fablica dels treballadors.<\/p>\n\n<p>El disseny d&#8217;aquest tipus de plans correspon a l&#8217;empresa (o ens p\u00fablics) i als treballadors, tots dos decideixen de com\u00fa acord la pol\u00edtica d&#8217;inversi\u00f3 que traslladaran la gestora externa per a la implantaci\u00f3 i la continu\u00eftat.<\/p>\n\n<p>Hi ha un desconeixement general d\u201faquest instrument d\u201finversi\u00f3 i retribuci\u00f3, tant entre empreses com empleats, malgrat els avantatges que suposa constituir aquest tipus de plans.<\/p>\n\n<div class=\"wp-block-columns is-layout-flex wp-container-core-columns-is-layout-28f84493 wp-block-columns-is-layout-flex\">\n<div class=\"wp-block-column is-layout-flow wp-block-column-is-layout-flow\">\n<div class=\"wp-block-buttons is-layout-flex wp-block-buttons-is-layout-flex\">\n<div class=\"wp-block-button\"><a class=\"wp-block-button__link wp-element-button\">Demana informaci\u00f3<\/a><\/div>\n<\/div>\n<\/div>\n<\/div>\n\n<h3 class=\"wp-block-heading\">Avantatges<\/h3>\n\n<h4 class=\"wp-block-heading\">Pel treballador:<\/h4>\n\n<ul class=\"wp-block-list\">\n<li>Es tracta d&#8217;un complement salarial aportat per l&#8217;empresa totalment o de manera compartida amb el treballador.<\/li>\n\n\n\n<li>Negociat entre empreses i sindicats.<\/li>\n\n\n\n<li>Desgravaci\u00f3 fiscal, fins a un l\u00edmit de 8.000 \u20ac per any, per al perceptor.<\/li>\n\n\n\n<li>Sistematitzaci\u00f3 i comprom\u00eds de constituir un fons de cara a la jubilaci\u00f3.<\/li>\n\n\n\n<li>Comissions m\u00e9s baixes per als part\u00edcips, en estar negociat per a grans col\u00b7lectius.<\/li>\n<\/ul>\n\n<h4 class=\"wp-block-heading\">Per a l&#8217;empresa o entitat que subscriu l&#8217;asseguran\u00e7a:<\/h4>\n\n<ul class=\"wp-block-list\">\n<li>Reducci\u00f3 de la cotitzaci\u00f3 a la Seguretat Social dels treballadors.<\/li>\n\n\n\n<li>La seva contractaci\u00f3 genera una actitud de respecte cap a una empresa o entitat que es preocupa pel futur dels treballadors.<\/li>\n<\/ul>\n\n<h3 class=\"wp-block-heading\">Com puc ajudar-te?<\/h3>\n\n<p>Deixa&#8217;m les teves dades i em posar\u00e9 en contacte amb tu al m\u00e9s aviat possible.<\/p>\n","protected":false},"excerpt":{"rendered":"<p>Els plans de pensions d\u201focupaci\u00f3 s\u00f3n plans d\u201festalvi promoguts des de les empreses com a complement salarial per als seus treballadors, aportant una quantitat mensual per constituir un fons de cara a la jubilaci\u00f3. S\u00f3n plans impulsats per les empreses per completar la pensi\u00f3 p\u00fablica dels treballadors. El disseny d&#8217;aquest tipus de plans correspon a [&hellip;]<\/p>\n","protected":false},"author":5,"featured_media":16293,"parent":0,"menu_order":0,"comment_status":"closed","ping_status":"closed","template":"","meta":{"_acf_changed":false,"inline_featured_image":false,"footnotes":""},"class_list":["post-16297","page","type-page","status-publish","has-post-thumbnail","hentry"],"acf":{"contacte":"enrique","titulo":"Asseguran\u00e7a de pla d'estalvi col\u00b7lectiu","id_nex":"294"},"yoast_head":"<!-- This site is optimized with the Yoast SEO plugin v27.4 - https:\/\/yoast.com\/product\/yoast-seo-wordpress\/ -->\n<title>Asseguran\u00e7a de plans de pensions - Urqu\u00eda&amp;Bas<\/title>\n<meta name=\"robots\" content=\"index, follow, max-snippet:-1, max-image-preview:large, max-video-preview:-1\" \/>\n<link rel=\"canonical\" href=\"https:\/\/urquiabas.com\/ca\/seguro-de-planes-de-pensiones\/\" \/>\n<meta property=\"og:locale\" content=\"ca_ES\" \/>\n<meta property=\"og:type\" content=\"article\" \/>\n<meta property=\"og:title\" content=\"Asseguran\u00e7a de plans de pensions - Urqu\u00eda&amp;Bas\" \/>\n<meta property=\"og:description\" content=\"Els plans de pensions d\u201focupaci\u00f3 s\u00f3n plans d\u201festalvi promoguts des de les empreses com a complement salarial per als seus treballadors, aportant una quantitat mensual per constituir un fons de cara a la jubilaci\u00f3. S\u00f3n plans impulsats per les empreses per completar la pensi\u00f3 p\u00fablica dels treballadors. El disseny d&#8217;aquest tipus de plans correspon a [&hellip;]\" \/>\n<meta property=\"og:url\" content=\"https:\/\/urquiabas.com\/ca\/seguro-de-planes-de-pensiones\/\" \/>\n<meta property=\"og:site_name\" content=\"Urqu\u00eda&amp;Bas\" \/>\n<meta property=\"article:publisher\" content=\"https:\/\/www.facebook.com\/UrquiaBas\/\" \/>\n<meta property=\"article:modified_time\" content=\"2023-11-27T08:27:58+00:00\" \/>\n<meta property=\"og:image\" content=\"https:\/\/urquiabas.com\/wp-content\/uploads\/2021\/02\/Header_colectivos_planes_pensiones_new.jpg\" \/>\n\t<meta property=\"og:image:width\" content=\"1920\" \/>\n\t<meta property=\"og:image:height\" content=\"702\" \/>\n\t<meta property=\"og:image:type\" content=\"image\/jpeg\" \/>\n<meta name=\"twitter:card\" content=\"summary_large_image\" \/>\n<meta name=\"twitter:site\" content=\"@BasUrquia\" \/>\n<meta name=\"twitter:label1\" content=\"Temps estimat de lectura\" \/>\n\t<meta name=\"twitter:data1\" content=\"1 minut\" \/>\n<script type=\"application\/ld+json\" class=\"yoast-schema-graph\">{\"@context\":\"https:\\\/\\\/schema.org\",\"@graph\":[{\"@type\":\"WebPage\",\"@id\":\"https:\\\/\\\/urquiabas.com\\\/ca\\\/seguro-de-planes-de-pensiones\\\/\",\"url\":\"https:\\\/\\\/urquiabas.com\\\/ca\\\/seguro-de-planes-de-pensiones\\\/\",\"name\":\"Asseguran\u00e7a de plans de pensions - Urqu\u00eda&amp;Bas\",\"isPartOf\":{\"@id\":\"https:\\\/\\\/urquiabas.com\\\/#website\"},\"primaryImageOfPage\":{\"@id\":\"https:\\\/\\\/urquiabas.com\\\/ca\\\/seguro-de-planes-de-pensiones\\\/#primaryimage\"},\"image\":{\"@id\":\"https:\\\/\\\/urquiabas.com\\\/ca\\\/seguro-de-planes-de-pensiones\\\/#primaryimage\"},\"thumbnailUrl\":\"https:\\\/\\\/urquiabas.com\\\/wp-content\\\/uploads\\\/2021\\\/02\\\/Header_colectivos_planes_pensiones_new.jpg\",\"datePublished\":\"2021-02-11T10:05:13+00:00\",\"dateModified\":\"2023-11-27T08:27:58+00:00\",\"breadcrumb\":{\"@id\":\"https:\\\/\\\/urquiabas.com\\\/ca\\\/seguro-de-planes-de-pensiones\\\/#breadcrumb\"},\"inLanguage\":\"ca\",\"potentialAction\":[{\"@type\":\"ReadAction\",\"target\":[\"https:\\\/\\\/urquiabas.com\\\/ca\\\/seguro-de-planes-de-pensiones\\\/\"]}]},{\"@type\":\"ImageObject\",\"inLanguage\":\"ca\",\"@id\":\"https:\\\/\\\/urquiabas.com\\\/ca\\\/seguro-de-planes-de-pensiones\\\/#primaryimage\",\"url\":\"https:\\\/\\\/urquiabas.com\\\/wp-content\\\/uploads\\\/2021\\\/02\\\/Header_colectivos_planes_pensiones_new.jpg\",\"contentUrl\":\"https:\\\/\\\/urquiabas.com\\\/wp-content\\\/uploads\\\/2021\\\/02\\\/Header_colectivos_planes_pensiones_new.jpg\",\"width\":1920,\"height\":702},{\"@type\":\"BreadcrumbList\",\"@id\":\"https:\\\/\\\/urquiabas.com\\\/ca\\\/seguro-de-planes-de-pensiones\\\/#breadcrumb\",\"itemListElement\":[{\"@type\":\"ListItem\",\"position\":1,\"name\":\"Portada\",\"item\":\"https:\\\/\\\/urquiabas.com\\\/\"},{\"@type\":\"ListItem\",\"position\":2,\"name\":\"Asseguran\u00e7a de plans de pensions\"}]},{\"@type\":\"WebSite\",\"@id\":\"https:\\\/\\\/urquiabas.com\\\/#website\",\"url\":\"https:\\\/\\\/urquiabas.com\\\/\",\"name\":\"Urqu\u00eda&amp;Bas\",\"description\":\"Corredur\u00eda de seguros | Lleida\",\"publisher\":{\"@id\":\"https:\\\/\\\/urquiabas.com\\\/#organization\"},\"potentialAction\":[{\"@type\":\"SearchAction\",\"target\":{\"@type\":\"EntryPoint\",\"urlTemplate\":\"https:\\\/\\\/urquiabas.com\\\/?s={search_term_string}\"},\"query-input\":{\"@type\":\"PropertyValueSpecification\",\"valueRequired\":true,\"valueName\":\"search_term_string\"}}],\"inLanguage\":\"ca\"},{\"@type\":\"Organization\",\"@id\":\"https:\\\/\\\/urquiabas.com\\\/#organization\",\"name\":\"Urquia & Bas S.L\",\"url\":\"https:\\\/\\\/urquiabas.com\\\/\",\"logo\":{\"@type\":\"ImageObject\",\"inLanguage\":\"ca\",\"@id\":\"https:\\\/\\\/urquiabas.com\\\/#\\\/schema\\\/logo\\\/image\\\/\",\"url\":\"https:\\\/\\\/urquiabas.com\\\/wp-content\\\/uploads\\\/2018\\\/03\\\/logoubmail2018.jpg\",\"contentUrl\":\"https:\\\/\\\/urquiabas.com\\\/wp-content\\\/uploads\\\/2018\\\/03\\\/logoubmail2018.jpg\",\"width\":258,\"height\":61,\"caption\":\"Urquia & Bas S.L\"},\"image\":{\"@id\":\"https:\\\/\\\/urquiabas.com\\\/#\\\/schema\\\/logo\\\/image\\\/\"},\"sameAs\":[\"https:\\\/\\\/www.facebook.com\\\/UrquiaBas\\\/\",\"https:\\\/\\\/x.com\\\/BasUrquia\",\"https:\\\/\\\/www.instagram.com\\\/urquiabas\\\/\",\"https:\\\/\\\/www.linkedin.com\\\/company\\\/3125928\\\/\"]}]}<\/script>\n<!-- \/ Yoast SEO plugin. -->","yoast_head_json":{"title":"Asseguran\u00e7a de plans de pensions - Urqu\u00eda&amp;Bas","robots":{"index":"index","follow":"follow","max-snippet":"max-snippet:-1","max-image-preview":"max-image-preview:large","max-video-preview":"max-video-preview:-1"},"canonical":"https:\/\/urquiabas.com\/ca\/seguro-de-planes-de-pensiones\/","og_locale":"ca_ES","og_type":"article","og_title":"Asseguran\u00e7a de plans de pensions - Urqu\u00eda&amp;Bas","og_description":"Els plans de pensions d\u201focupaci\u00f3 s\u00f3n plans d\u201festalvi promoguts des de les empreses com a complement salarial per als seus treballadors, aportant una quantitat mensual per constituir un fons de cara a la jubilaci\u00f3. S\u00f3n plans impulsats per les empreses per completar la pensi\u00f3 p\u00fablica dels treballadors. El disseny d&#8217;aquest tipus de plans correspon a [&hellip;]","og_url":"https:\/\/urquiabas.com\/ca\/seguro-de-planes-de-pensiones\/","og_site_name":"Urqu\u00eda&amp;Bas","article_publisher":"https:\/\/www.facebook.com\/UrquiaBas\/","article_modified_time":"2023-11-27T08:27:58+00:00","og_image":[{"width":1920,"height":702,"url":"https:\/\/urquiabas.com\/wp-content\/uploads\/2021\/02\/Header_colectivos_planes_pensiones_new.jpg","type":"image\/jpeg"}],"twitter_card":"summary_large_image","twitter_site":"@BasUrquia","twitter_misc":{"Temps estimat de lectura":"1 minut"},"schema":{"@context":"https:\/\/schema.org","@graph":[{"@type":"WebPage","@id":"https:\/\/urquiabas.com\/ca\/seguro-de-planes-de-pensiones\/","url":"https:\/\/urquiabas.com\/ca\/seguro-de-planes-de-pensiones\/","name":"Asseguran\u00e7a de plans de pensions - Urqu\u00eda&amp;Bas","isPartOf":{"@id":"https:\/\/urquiabas.com\/#website"},"primaryImageOfPage":{"@id":"https:\/\/urquiabas.com\/ca\/seguro-de-planes-de-pensiones\/#primaryimage"},"image":{"@id":"https:\/\/urquiabas.com\/ca\/seguro-de-planes-de-pensiones\/#primaryimage"},"thumbnailUrl":"https:\/\/urquiabas.com\/wp-content\/uploads\/2021\/02\/Header_colectivos_planes_pensiones_new.jpg","datePublished":"2021-02-11T10:05:13+00:00","dateModified":"2023-11-27T08:27:58+00:00","breadcrumb":{"@id":"https:\/\/urquiabas.com\/ca\/seguro-de-planes-de-pensiones\/#breadcrumb"},"inLanguage":"ca","potentialAction":[{"@type":"ReadAction","target":["https:\/\/urquiabas.com\/ca\/seguro-de-planes-de-pensiones\/"]}]},{"@type":"ImageObject","inLanguage":"ca","@id":"https:\/\/urquiabas.com\/ca\/seguro-de-planes-de-pensiones\/#primaryimage","url":"https:\/\/urquiabas.com\/wp-content\/uploads\/2021\/02\/Header_colectivos_planes_pensiones_new.jpg","contentUrl":"https:\/\/urquiabas.com\/wp-content\/uploads\/2021\/02\/Header_colectivos_planes_pensiones_new.jpg","width":1920,"height":702},{"@type":"BreadcrumbList","@id":"https:\/\/urquiabas.com\/ca\/seguro-de-planes-de-pensiones\/#breadcrumb","itemListElement":[{"@type":"ListItem","position":1,"name":"Portada","item":"https:\/\/urquiabas.com\/"},{"@type":"ListItem","position":2,"name":"Asseguran\u00e7a de plans de pensions"}]},{"@type":"WebSite","@id":"https:\/\/urquiabas.com\/#website","url":"https:\/\/urquiabas.com\/","name":"Urqu\u00eda&amp;Bas","description":"Corredur\u00eda de seguros | Lleida","publisher":{"@id":"https:\/\/urquiabas.com\/#organization"},"potentialAction":[{"@type":"SearchAction","target":{"@type":"EntryPoint","urlTemplate":"https:\/\/urquiabas.com\/?s={search_term_string}"},"query-input":{"@type":"PropertyValueSpecification","valueRequired":true,"valueName":"search_term_string"}}],"inLanguage":"ca"},{"@type":"Organization","@id":"https:\/\/urquiabas.com\/#organization","name":"Urquia & Bas S.L","url":"https:\/\/urquiabas.com\/","logo":{"@type":"ImageObject","inLanguage":"ca","@id":"https:\/\/urquiabas.com\/#\/schema\/logo\/image\/","url":"https:\/\/urquiabas.com\/wp-content\/uploads\/2018\/03\/logoubmail2018.jpg","contentUrl":"https:\/\/urquiabas.com\/wp-content\/uploads\/2018\/03\/logoubmail2018.jpg","width":258,"height":61,"caption":"Urquia & Bas S.L"},"image":{"@id":"https:\/\/urquiabas.com\/#\/schema\/logo\/image\/"},"sameAs":["https:\/\/www.facebook.com\/UrquiaBas\/","https:\/\/x.com\/BasUrquia","https:\/\/www.instagram.com\/urquiabas\/","https:\/\/www.linkedin.com\/company\/3125928\/"]}]}},"_links":{"self":[{"href":"https:\/\/urquiabas.com\/ca\/wp-json\/wp\/v2\/pages\/16297","targetHints":{"allow":["GET"]}}],"collection":[{"href":"https:\/\/urquiabas.com\/ca\/wp-json\/wp\/v2\/pages"}],"about":[{"href":"https:\/\/urquiabas.com\/ca\/wp-json\/wp\/v2\/types\/page"}],"author":[{"embeddable":true,"href":"https:\/\/urquiabas.com\/ca\/wp-json\/wp\/v2\/users\/5"}],"replies":[{"embeddable":true,"href":"https:\/\/urquiabas.com\/ca\/wp-json\/wp\/v2\/comments?post=16297"}],"version-history":[{"count":0,"href":"https:\/\/urquiabas.com\/ca\/wp-json\/wp\/v2\/pages\/16297\/revisions"}],"wp:featuredmedia":[{"embeddable":true,"href":"https:\/\/urquiabas.com\/ca\/wp-json\/wp\/v2\/media\/16293"}],"wp:attachment":[{"href":"https:\/\/urquiabas.com\/ca\/wp-json\/wp\/v2\/media?parent=16297"}],"curies":[{"name":"wp","href":"https:\/\/api.w.org\/{rel}","templated":true}]}}