{"id":16611,"date":"2021-02-24T09:21:52","date_gmt":"2021-02-24T08:21:52","guid":{"rendered":"http:\/\/urquiabas.com\/?page_id=16611"},"modified":"2023-11-27T09:28:03","modified_gmt":"2023-11-27T08:28:03","slug":"asseguranca-responsabilitat-civil-esdeveniments","status":"publish","type":"page","link":"https:\/\/urquiabas.com\/ca\/asseguranca-responsabilitat-civil-esdeveniments\/","title":{"rendered":"Segur responsabilitat civil esdeveniments"},"content":{"rendered":"\n<h3 class=\"wp-block-heading\">Qu\u00e8 cobreix una asseguran\u00e7a de Responsabilitat Civil per a Esdeveniments?<\/h3>\n\n<p>Cobrim les p\u00e8rdues econ\u00f2miques derivades de l&#8217;obligaci\u00f3 legal de l&#8217;organitzador de reparar i indemnitzar tercers pels danys causats, en l&#8217;organitzaci\u00f3 i la celebraci\u00f3 d&#8217;un esdeveniment.<\/p>\n\n<p>La p\u00f2lissa de Responsabilitat Civil d&#8217;Espectacles garanteix el pagament de les indemnitzacions per danys personals, materials i econ\u00f2mics causats a tercers durant l&#8217;organitzaci\u00f3 de l&#8217;esdeveniment, sempre que l&#8217;assegurat sigui civilment responsable.<\/p>\n\n<h3 class=\"wp-block-heading\">Quin tipus de cobertures podem contractar a una p\u00f2lissa d&#8217;asseguran\u00e7a de Responsabilitat Civil per a esdeveniments?<\/h3>\n\n<p>Asseguran\u00e7a de Responsabilitat Civil de:<\/p>\n\n<ul class=\"wp-block-list\">\n<li>Explotaci\u00f3.<\/li>\n\n\n\n<li>Locativa.<\/li>\n\n\n\n<li>Subsidi\u00e0ria.<\/li>\n\n\n\n<li>Patronal.<\/li>\n\n\n\n<li>Productes.<\/li>\n\n\n\n<li>Muntatge d\u02bbestructures.<\/li>\n\n\n\n<li>Professional.<\/li>\n<\/ul>\n\n<p>Defensa i Fiances.<\/p>\n\n<h3 class=\"wp-block-heading\">A qui ens dirigim<\/h3>\n\n<p>Tots els organitzadors d&#8217;esdeveniments, professionals, empreses, particulars, administracions p\u00fabliques i associacions.<\/p>\n\n<h3 class=\"wp-block-heading\">Quins tipus de perjudicis us poden reclamar a un organitzador d&#8217;un esdeveniment?<\/h3>\n\n<p>A continuaci\u00f3, relacionem alguns exemples de possibles danys que poden ser responsabilitat de lorganitzador dun esdeveniment. (sempre caldr\u00e0 demostrar que la responsabilitat dels fets \u00e9s de l&#8217;organitzador de l&#8217;esdeveniment).<\/p>\n\n<p>Danys personals i\/o materials a terceres persones que assisteixin a l&#8217;esdeveniment derivats de:<\/p>\n\n<ul class=\"wp-block-list\">\n<li>La propietat i\/o la utilitzaci\u00f3 per l&#8217;assegurat, de l&#8217;establiment\/explotaci\u00f3 on rau l&#8217;activitat assegurada.<\/li>\n\n\n\n<li>Danys produ\u00efts per r\u00e8tols, anuncis, tanques publicit\u00e0ries, que estiguin instal\u00b7lats a les fa\u00e7anes o terrats dels edificis o terrenys assegurats.<\/li>\n\n\n\n<li>Els actes o omissions propis, o dels seus empleats o de les persones que hagi de respondre lorganitzador de lesdeveniment, realitzats durant el desenvolupament de lesdeveniment a lestabliment\/explotaci\u00f3 descrit en p\u00f2lissa.<\/li>\n<\/ul>\n\n<p>Alguna d\u201faquestes cobertures s\u201fha de contractar expressament, d\u201faqu\u00ed la import\u00e0ncia d\u201favaluar el risc correctament per ajustar la p\u00f2lissa a les necessitats reals de l\u201forganitzador d\u201fun esdeveniment.<\/p>\n\n<h3 class=\"wp-block-heading\">Informaci\u00f3 addicional<\/h3>\n\n<ul class=\"wp-block-list\">\n<li>Podem contractar assegurances anuals (renovables anualment) i\/o assegurances temporals (per a un per\u00edode concret adaptat a la durada de l&#8217;espectacle).<\/li>\n\n\n\n<li>En els casos en qu\u00e8 l&#8217;artista faci dues\/tres activitats, podem aplicar descomptes (exemple: M\u00fasic \/ Professor de m\u00fasica.)<\/li>\n\n\n\n<li>Els par\u00e0metres que utilitzem per valorar un esdeveniment s\u00f3n la facturaci\u00f3, el pressupost, l&#8217;aforament, la previsi\u00f3 d&#8217;espectadors d&#8217;una empresa organitzadora i d&#8217;un esdeveniment concret.<\/li>\n\n\n\n<li>Podem augmentar el subl\u00edmit per v\u00edctima a 300.000\u20ac.<\/li>\n\n\n\n<li>Possibilitat d&#8217;eliminar la franqu\u00edcia, si ho exigeix \u200b\u200bla legislaci\u00f3 nacional, auton\u00f2mica i\/o local.<\/li>\n<\/ul>\n\n<h3 class=\"wp-block-heading\">Com puc ajudar-te?<\/h3>\n\n<p>Deixa&#8217;m les teves dades i em posar\u00e9 en contacte amb tu al m\u00e9s aviat possible.<\/p>\n","protected":false},"excerpt":{"rendered":"<p>Qu\u00e8 cobreix una asseguran\u00e7a de Responsabilitat Civil per a Esdeveniments? Cobrim les p\u00e8rdues econ\u00f2miques derivades de l&#8217;obligaci\u00f3 legal de l&#8217;organitzador de reparar i indemnitzar tercers pels danys causats, en l&#8217;organitzaci\u00f3 i la celebraci\u00f3 d&#8217;un esdeveniment. La p\u00f2lissa de Responsabilitat Civil d&#8217;Espectacles garanteix el pagament de les indemnitzacions per danys personals, materials i econ\u00f2mics causats a [&hellip;]<\/p>\n","protected":false},"author":5,"featured_media":21141,"parent":0,"menu_order":0,"comment_status":"closed","ping_status":"closed","template":"","meta":{"_acf_changed":false,"inline_featured_image":false,"footnotes":""},"class_list":["post-16611","page","type-page","status-publish","has-post-thumbnail","hentry"],"acf":{"titulo":"Assegurances de responsabilitat civil per a esdeveniments","id_nex":"464","iframe":"https:\/\/tarificadores.urquiabas.com\/events\/","contacte":"emma","foto_responsable":"https:\/\/urquiabas.com\/wp-content\/uploads\/2023\/11\/BG_Emma-e1701077573376.jpg","contacte_responsable_email":"emmacortes@urquiabas.com"},"yoast_head":"<!-- This site is optimized with the Yoast SEO plugin v27.4 - https:\/\/yoast.com\/product\/yoast-seo-wordpress\/ -->\n<title>Assegurances de responsabilitat civil per a esdeveniments | Contractaci\u00f3 en l\u00ednia<\/title>\n<meta name=\"description\" content=\"Assegurances per a esdeveniments, concerts, festes majors d&#039;ajuntaments que donaran cobertura completa a l&#039;organitzador o promotor de l&#039;esdeveniment\" \/>\n<meta name=\"robots\" content=\"index, follow, max-snippet:-1, max-image-preview:large, max-video-preview:-1\" \/>\n<link rel=\"canonical\" href=\"https:\/\/urquiabas.com\/ca\/asseguranca-responsabilitat-civil-esdeveniments\/\" \/>\n<meta property=\"og:locale\" content=\"ca_ES\" \/>\n<meta property=\"og:type\" content=\"article\" \/>\n<meta property=\"og:title\" content=\"Assegurances de responsabilitat civil per a esdeveniments | Contractaci\u00f3 en l\u00ednia\" \/>\n<meta property=\"og:description\" content=\"Assegurances per a esdeveniments, concerts, festes majors d&#039;ajuntaments que donaran cobertura completa a l&#039;organitzador o promotor de l&#039;esdeveniment\" \/>\n<meta property=\"og:url\" content=\"https:\/\/urquiabas.com\/ca\/asseguranca-responsabilitat-civil-esdeveniments\/\" \/>\n<meta property=\"og:site_name\" content=\"Urqu\u00eda&amp;Bas\" \/>\n<meta property=\"article:publisher\" content=\"https:\/\/www.facebook.com\/UrquiaBas\/\" \/>\n<meta property=\"article:modified_time\" content=\"2023-11-27T08:28:03+00:00\" \/>\n<meta property=\"og:image\" content=\"https:\/\/urquiabas.com\/wp-content\/uploads\/2021\/02\/Header_RC_espectaculos_new.jpg\" \/>\n\t<meta property=\"og:image:width\" content=\"1920\" \/>\n\t<meta property=\"og:image:height\" content=\"667\" \/>\n\t<meta property=\"og:image:type\" content=\"image\/jpeg\" \/>\n<meta name=\"twitter:card\" content=\"summary_large_image\" \/>\n<meta name=\"twitter:site\" content=\"@BasUrquia\" \/>\n<meta name=\"twitter:label1\" content=\"Temps estimat de lectura\" \/>\n\t<meta name=\"twitter:data1\" content=\"6 minuts\" \/>\n<script type=\"application\/ld+json\" class=\"yoast-schema-graph\">{\"@context\":\"https:\\\/\\\/schema.org\",\"@graph\":[{\"@type\":\"WebPage\",\"@id\":\"https:\\\/\\\/urquiabas.com\\\/ca\\\/asseguranca-responsabilitat-civil-esdeveniments\\\/\",\"url\":\"https:\\\/\\\/urquiabas.com\\\/ca\\\/asseguranca-responsabilitat-civil-esdeveniments\\\/\",\"name\":\"Assegurances de responsabilitat civil per a esdeveniments | Contractaci\u00f3 en l\u00ednia\",\"isPartOf\":{\"@id\":\"https:\\\/\\\/urquiabas.com\\\/#website\"},\"primaryImageOfPage\":{\"@id\":\"https:\\\/\\\/urquiabas.com\\\/ca\\\/asseguranca-responsabilitat-civil-esdeveniments\\\/#primaryimage\"},\"image\":{\"@id\":\"https:\\\/\\\/urquiabas.com\\\/ca\\\/asseguranca-responsabilitat-civil-esdeveniments\\\/#primaryimage\"},\"thumbnailUrl\":\"https:\\\/\\\/urquiabas.com\\\/wp-content\\\/uploads\\\/2024\\\/04\\\/ellicia-CFXmtdc90RI-unsplash-scaled.jpg\",\"datePublished\":\"2021-02-24T08:21:52+00:00\",\"dateModified\":\"2023-11-27T08:28:03+00:00\",\"description\":\"Assegurances per a esdeveniments, concerts, festes majors d'ajuntaments que donaran cobertura completa a l'organitzador o promotor de l'esdeveniment\",\"breadcrumb\":{\"@id\":\"https:\\\/\\\/urquiabas.com\\\/ca\\\/asseguranca-responsabilitat-civil-esdeveniments\\\/#breadcrumb\"},\"inLanguage\":\"ca\",\"potentialAction\":[{\"@type\":\"ReadAction\",\"target\":[\"https:\\\/\\\/urquiabas.com\\\/ca\\\/asseguranca-responsabilitat-civil-esdeveniments\\\/\"]}]},{\"@type\":\"ImageObject\",\"inLanguage\":\"ca\",\"@id\":\"https:\\\/\\\/urquiabas.com\\\/ca\\\/asseguranca-responsabilitat-civil-esdeveniments\\\/#primaryimage\",\"url\":\"https:\\\/\\\/urquiabas.com\\\/wp-content\\\/uploads\\\/2024\\\/04\\\/ellicia-CFXmtdc90RI-unsplash-scaled.jpg\",\"contentUrl\":\"https:\\\/\\\/urquiabas.com\\\/wp-content\\\/uploads\\\/2024\\\/04\\\/ellicia-CFXmtdc90RI-unsplash-scaled.jpg\",\"width\":2560,\"height\":1707,\"caption\":\"Seguro Responsabilidad Civil Eventos y Espect\u00e1culos\"},{\"@type\":\"BreadcrumbList\",\"@id\":\"https:\\\/\\\/urquiabas.com\\\/ca\\\/asseguranca-responsabilitat-civil-esdeveniments\\\/#breadcrumb\",\"itemListElement\":[{\"@type\":\"ListItem\",\"position\":1,\"name\":\"Portada\",\"item\":\"https:\\\/\\\/urquiabas.com\\\/\"},{\"@type\":\"ListItem\",\"position\":2,\"name\":\"Segur responsabilitat civil esdeveniments\"}]},{\"@type\":\"WebSite\",\"@id\":\"https:\\\/\\\/urquiabas.com\\\/#website\",\"url\":\"https:\\\/\\\/urquiabas.com\\\/\",\"name\":\"Urqu\u00eda&amp;Bas\",\"description\":\"Corredur\u00eda de seguros | Lleida\",\"publisher\":{\"@id\":\"https:\\\/\\\/urquiabas.com\\\/#organization\"},\"potentialAction\":[{\"@type\":\"SearchAction\",\"target\":{\"@type\":\"EntryPoint\",\"urlTemplate\":\"https:\\\/\\\/urquiabas.com\\\/?s={search_term_string}\"},\"query-input\":{\"@type\":\"PropertyValueSpecification\",\"valueRequired\":true,\"valueName\":\"search_term_string\"}}],\"inLanguage\":\"ca\"},{\"@type\":\"Organization\",\"@id\":\"https:\\\/\\\/urquiabas.com\\\/#organization\",\"name\":\"Urquia & Bas S.L\",\"url\":\"https:\\\/\\\/urquiabas.com\\\/\",\"logo\":{\"@type\":\"ImageObject\",\"inLanguage\":\"ca\",\"@id\":\"https:\\\/\\\/urquiabas.com\\\/#\\\/schema\\\/logo\\\/image\\\/\",\"url\":\"https:\\\/\\\/urquiabas.com\\\/wp-content\\\/uploads\\\/2018\\\/03\\\/logoubmail2018.jpg\",\"contentUrl\":\"https:\\\/\\\/urquiabas.com\\\/wp-content\\\/uploads\\\/2018\\\/03\\\/logoubmail2018.jpg\",\"width\":258,\"height\":61,\"caption\":\"Urquia & Bas S.L\"},\"image\":{\"@id\":\"https:\\\/\\\/urquiabas.com\\\/#\\\/schema\\\/logo\\\/image\\\/\"},\"sameAs\":[\"https:\\\/\\\/www.facebook.com\\\/UrquiaBas\\\/\",\"https:\\\/\\\/x.com\\\/BasUrquia\",\"https:\\\/\\\/www.instagram.com\\\/urquiabas\\\/\",\"https:\\\/\\\/www.linkedin.com\\\/company\\\/3125928\\\/\"]}]}<\/script>\n<!-- \/ Yoast SEO plugin. -->","yoast_head_json":{"title":"Assegurances de responsabilitat civil per a esdeveniments | Contractaci\u00f3 en l\u00ednia","description":"Assegurances per a esdeveniments, concerts, festes majors d'ajuntaments que donaran cobertura completa a l'organitzador o promotor de l'esdeveniment","robots":{"index":"index","follow":"follow","max-snippet":"max-snippet:-1","max-image-preview":"max-image-preview:large","max-video-preview":"max-video-preview:-1"},"canonical":"https:\/\/urquiabas.com\/ca\/asseguranca-responsabilitat-civil-esdeveniments\/","og_locale":"ca_ES","og_type":"article","og_title":"Assegurances de responsabilitat civil per a esdeveniments | Contractaci\u00f3 en l\u00ednia","og_description":"Assegurances per a esdeveniments, concerts, festes majors d'ajuntaments que donaran cobertura completa a l'organitzador o promotor de l'esdeveniment","og_url":"https:\/\/urquiabas.com\/ca\/asseguranca-responsabilitat-civil-esdeveniments\/","og_site_name":"Urqu\u00eda&amp;Bas","article_publisher":"https:\/\/www.facebook.com\/UrquiaBas\/","article_modified_time":"2023-11-27T08:28:03+00:00","og_image":[{"width":1920,"height":667,"url":"https:\/\/urquiabas.com\/wp-content\/uploads\/2021\/02\/Header_RC_espectaculos_new.jpg","type":"image\/jpeg"}],"twitter_card":"summary_large_image","twitter_site":"@BasUrquia","twitter_misc":{"Temps estimat de lectura":"6 minuts"},"schema":{"@context":"https:\/\/schema.org","@graph":[{"@type":"WebPage","@id":"https:\/\/urquiabas.com\/ca\/asseguranca-responsabilitat-civil-esdeveniments\/","url":"https:\/\/urquiabas.com\/ca\/asseguranca-responsabilitat-civil-esdeveniments\/","name":"Assegurances de responsabilitat civil per a esdeveniments | Contractaci\u00f3 en l\u00ednia","isPartOf":{"@id":"https:\/\/urquiabas.com\/#website"},"primaryImageOfPage":{"@id":"https:\/\/urquiabas.com\/ca\/asseguranca-responsabilitat-civil-esdeveniments\/#primaryimage"},"image":{"@id":"https:\/\/urquiabas.com\/ca\/asseguranca-responsabilitat-civil-esdeveniments\/#primaryimage"},"thumbnailUrl":"https:\/\/urquiabas.com\/wp-content\/uploads\/2024\/04\/ellicia-CFXmtdc90RI-unsplash-scaled.jpg","datePublished":"2021-02-24T08:21:52+00:00","dateModified":"2023-11-27T08:28:03+00:00","description":"Assegurances per a esdeveniments, concerts, festes majors d'ajuntaments que donaran cobertura completa a l'organitzador o promotor de l'esdeveniment","breadcrumb":{"@id":"https:\/\/urquiabas.com\/ca\/asseguranca-responsabilitat-civil-esdeveniments\/#breadcrumb"},"inLanguage":"ca","potentialAction":[{"@type":"ReadAction","target":["https:\/\/urquiabas.com\/ca\/asseguranca-responsabilitat-civil-esdeveniments\/"]}]},{"@type":"ImageObject","inLanguage":"ca","@id":"https:\/\/urquiabas.com\/ca\/asseguranca-responsabilitat-civil-esdeveniments\/#primaryimage","url":"https:\/\/urquiabas.com\/wp-content\/uploads\/2024\/04\/ellicia-CFXmtdc90RI-unsplash-scaled.jpg","contentUrl":"https:\/\/urquiabas.com\/wp-content\/uploads\/2024\/04\/ellicia-CFXmtdc90RI-unsplash-scaled.jpg","width":2560,"height":1707,"caption":"Seguro Responsabilidad Civil Eventos y Espect\u00e1culos"},{"@type":"BreadcrumbList","@id":"https:\/\/urquiabas.com\/ca\/asseguranca-responsabilitat-civil-esdeveniments\/#breadcrumb","itemListElement":[{"@type":"ListItem","position":1,"name":"Portada","item":"https:\/\/urquiabas.com\/"},{"@type":"ListItem","position":2,"name":"Segur responsabilitat civil esdeveniments"}]},{"@type":"WebSite","@id":"https:\/\/urquiabas.com\/#website","url":"https:\/\/urquiabas.com\/","name":"Urqu\u00eda&amp;Bas","description":"Corredur\u00eda de seguros | Lleida","publisher":{"@id":"https:\/\/urquiabas.com\/#organization"},"potentialAction":[{"@type":"SearchAction","target":{"@type":"EntryPoint","urlTemplate":"https:\/\/urquiabas.com\/?s={search_term_string}"},"query-input":{"@type":"PropertyValueSpecification","valueRequired":true,"valueName":"search_term_string"}}],"inLanguage":"ca"},{"@type":"Organization","@id":"https:\/\/urquiabas.com\/#organization","name":"Urquia & Bas S.L","url":"https:\/\/urquiabas.com\/","logo":{"@type":"ImageObject","inLanguage":"ca","@id":"https:\/\/urquiabas.com\/#\/schema\/logo\/image\/","url":"https:\/\/urquiabas.com\/wp-content\/uploads\/2018\/03\/logoubmail2018.jpg","contentUrl":"https:\/\/urquiabas.com\/wp-content\/uploads\/2018\/03\/logoubmail2018.jpg","width":258,"height":61,"caption":"Urquia & Bas S.L"},"image":{"@id":"https:\/\/urquiabas.com\/#\/schema\/logo\/image\/"},"sameAs":["https:\/\/www.facebook.com\/UrquiaBas\/","https:\/\/x.com\/BasUrquia","https:\/\/www.instagram.com\/urquiabas\/","https:\/\/www.linkedin.com\/company\/3125928\/"]}]}},"_links":{"self":[{"href":"https:\/\/urquiabas.com\/ca\/wp-json\/wp\/v2\/pages\/16611","targetHints":{"allow":["GET"]}}],"collection":[{"href":"https:\/\/urquiabas.com\/ca\/wp-json\/wp\/v2\/pages"}],"about":[{"href":"https:\/\/urquiabas.com\/ca\/wp-json\/wp\/v2\/types\/page"}],"author":[{"embeddable":true,"href":"https:\/\/urquiabas.com\/ca\/wp-json\/wp\/v2\/users\/5"}],"replies":[{"embeddable":true,"href":"https:\/\/urquiabas.com\/ca\/wp-json\/wp\/v2\/comments?post=16611"}],"version-history":[{"count":0,"href":"https:\/\/urquiabas.com\/ca\/wp-json\/wp\/v2\/pages\/16611\/revisions"}],"wp:featuredmedia":[{"embeddable":true,"href":"https:\/\/urquiabas.com\/ca\/wp-json\/wp\/v2\/media\/21141"}],"wp:attachment":[{"href":"https:\/\/urquiabas.com\/ca\/wp-json\/wp\/v2\/media?parent=16611"}],"curies":[{"name":"wp","href":"https:\/\/api.w.org\/{rel}","templated":true}]}}