{"id":17232,"date":"2021-04-07T17:48:14","date_gmt":"2021-04-07T15:48:14","guid":{"rendered":"https:\/\/dev01.urquiabas.com\/?page_id=17232"},"modified":"2025-12-04T11:57:07","modified_gmt":"2025-12-04T10:57:07","slug":"decenal","status":"publish","type":"page","link":"https:\/\/urquiabas.com\/ca\/decenal\/","title":{"rendered":"Decennal"},"content":{"rendered":"\t\t<div data-elementor-type=\"wp-page\" data-elementor-id=\"17232\" class=\"elementor elementor-17232 elementor-17230\" data-elementor-post-type=\"page\">\n\t\t\t\t<div class=\"elementor-element elementor-element-6e80b52d e-flex e-con-boxed e-con e-parent\" data-id=\"6e80b52d\" data-element_type=\"container\" data-e-type=\"container\" data-settings=\"{&quot;background_background&quot;:&quot;classic&quot;}\">\n\t\t\t\t\t<div class=\"e-con-inner\">\n\t\t<div class=\"elementor-element elementor-element-b99f41f e-con-full e-flex e-con e-child\" data-id=\"b99f41f\" data-element_type=\"container\" data-e-type=\"container\" data-settings=\"{&quot;background_background&quot;:&quot;classic&quot;}\">\n\t\t\t\t<div class=\"elementor-element elementor-element-18b39d3 elementor-widget elementor-widget-text-editor\" data-id=\"18b39d3\" data-element_type=\"widget\" data-e-type=\"widget\" data-widget_type=\"text-editor.default\">\n\t\t\t\t\t\t\t\t\t<p>La llei d&#8217;ordenaci\u00f3 de l&#8217;edificaci\u00f3 (LOE), va imposar l&#8217;obligatorietat, entre d&#8217;altres, de contractar una asseguran\u00e7a o aval, que garant\u00eds que en cas de danys que afectessin l&#8217;estabilitat de l&#8217;edifici, se&#8217;n cobr\u00eds la reparaci\u00f3 o, si escau, reconstrucci\u00f3 a partir del lliurament de lobra acabada i per un per\u00edode de 10 anys.<\/p>\t\t\t\t\t\t\t\t<\/div>\n\t\t\t\t<\/div>\n\t\t<div class=\"elementor-element elementor-element-a014e94 e-con-full e-flex e-con e-child\" data-id=\"a014e94\" data-element_type=\"container\" data-e-type=\"container\" data-settings=\"{&quot;background_background&quot;:&quot;classic&quot;}\">\n\t\t\t\t<div class=\"elementor-element elementor-element-2bd27b5a elementor-widget elementor-widget-text-editor\" data-id=\"2bd27b5a\" data-element_type=\"widget\" data-e-type=\"widget\" data-widget_type=\"text-editor.default\">\n\t\t\t\t\t\t\t\t\t<h4><strong>Avantatges<\/strong><\/h4><p>Cobreix els futurs adquirients dels danys m\u00e9s greus a qu\u00e8 pot estar sotmesa una obra nova durant els deu anys posteriors al lliurament, per defectes estructurals que comprometin l&#8217;estabilitat de l&#8217;immoble. Aquesta cobertura t\u00e9 efecte independentment que el promotor dissolgui la societat, concursi o faci fallida o hagi mort durant el per\u00edode esmentat de deu anys.<\/p><p>D&#8217;altra banda, els controls que s&#8217;han afegit a la construcci\u00f3 mitjan\u00e7ant empreses externes (oficines de control t\u00e8cnic) i de la pr\u00f2pia asseguradora, donen tranquil\u00b7litat tant al propi promotor com als futurs adquirients.<\/p><p><b>Havent intermediat l&#8217;asseguran\u00e7a decennal de m\u00e9s de 130 edificis lliurats, els promotors han constatat una atenci\u00f3 molt personal per part d&#8217;Urquia <span style=\"color: #8a2533;\">&amp;<\/span> Bas en aquest tipus d&#8217;asseguran\u00e7a, seguit dia a dia fins a la seva \u201centrada en cobertura\u201d.<\/b><\/p>\t\t\t\t\t\t\t\t<\/div>\n\t\t\t\t<\/div>\n\t\t<div class=\"elementor-element elementor-element-cce52ca e-con-full e-flex e-con e-child\" data-id=\"cce52ca\" data-element_type=\"container\" data-e-type=\"container\" data-settings=\"{&quot;background_background&quot;:&quot;classic&quot;}\">\n\t\t\t\t<div class=\"elementor-element elementor-element-39705e5 elementor-widget elementor-widget-text-editor\" data-id=\"39705e5\" data-element_type=\"widget\" data-e-type=\"widget\" data-widget_type=\"text-editor.default\">\n\t\t\t\t\t\t\t\t\t<h3 class=\"wp-block-heading\">Com puc ajudar-te?<\/h3><p>Deixa&#8217;m les teves dades i em posar\u00e9 en contacte amb tu al m\u00e9s aviat possible.<\/p>\t\t\t\t\t\t\t\t<\/div>\n\t\t\t\t<div class=\"elementor-element elementor-element-704a2a3 elementor-widget elementor-widget-text-editor\" data-id=\"704a2a3\" data-element_type=\"widget\" data-e-type=\"widget\" data-widget_type=\"text-editor.default\">\n\t\t\t\t\t\t\t\t\t<p><iframe id=\"tarificador\" class=\"w-full\" src=\"http:\/\/tarificadores.urquiabas.com\/forms\/Decena?h=0\"><\/iframe><\/p>\t\t\t\t\t\t\t\t<\/div>\n\t\t\t\t<\/div>\n\t\t\t\t\t<\/div>\n\t\t\t\t<\/div>\n\t\t\t\t<\/div>\n\t\t","protected":false},"excerpt":{"rendered":"<p>La llei d&#8217;ordenaci\u00f3 de l&#8217;edificaci\u00f3 (LOE), va imposar l&#8217;obligatorietat, entre d&#8217;altres, de contractar una asseguran\u00e7a o aval, que garant\u00eds que en cas de danys que afectessin l&#8217;estabilitat de l&#8217;edifici, se&#8217;n cobr\u00eds la reparaci\u00f3 o, si escau, reconstrucci\u00f3 a partir del lliurament de lobra acabada i per un per\u00edode de 10 anys. Avantatges Cobreix els futurs [&hellip;]<\/p>\n","protected":false},"author":5,"featured_media":5920,"parent":0,"menu_order":0,"comment_status":"closed","ping_status":"closed","template":"","meta":{"_acf_changed":true,"inline_featured_image":false,"footnotes":""},"class_list":["post-17232","page","type-page","status-publish","has-post-thumbnail","hentry"],"acf":{"titulo":"Segur Decennal construcci\u00f3","id_nex":"330","contacte":"ramon","responsable":"Ram\u00f3n de Urqu\u00eda","descripcio_contacte":"","text_responsable":"Soy Ram\u00f3n de Urquia, licenciado en derecho y corredor de seguros. Lo primero me permite tener los conocimientos necesarios para evaluar los riesgos de responsabilidad civil de nuestros asegurados y lo segundo, transferirlos a las aseguradoras en las condiciones m\u00e1s adecuadas. Mi objetivo es proteger su patrimonio personal, ofreciendo la mejor soluci\u00f3n aseguradora.","contacte_responsable_telefon":"630 98 44 38","contacte_responsable_email":"ramonurquia@urquiabas.com","odoo":"https:\/\/tarificadores.urquiabas.com\/forms\/contacto\/?u=24&o=1&h=0","cta":"\u00a1Calcula y contrata!","foto_responsable":false},"yoast_head":"<!-- This site is optimized with the Yoast SEO plugin v27.5 - https:\/\/yoast.com\/product\/yoast-seo-wordpress\/ -->\n<title>Decennal - Urqu\u00eda&amp;Bas<\/title>\n<meta name=\"description\" content=\"Asseguran\u00e7a Decennal et protegeix de possibles reclamacions per danys estructurals i d&#039;altres durant els 10 anys posteriors a la data en qu\u00e8 es va lliurar l&#039;obra.\" \/>\n<meta name=\"robots\" content=\"index, follow, max-snippet:-1, max-image-preview:large, max-video-preview:-1\" \/>\n<link rel=\"canonical\" href=\"https:\/\/urquiabas.com\/seguro-decenal-construccion\/\" \/>\n<meta property=\"og:locale\" content=\"ca_ES\" \/>\n<meta property=\"og:type\" content=\"article\" \/>\n<meta property=\"og:title\" content=\"Decennal - Urqu\u00eda&amp;Bas\" \/>\n<meta property=\"og:description\" content=\"Asseguran\u00e7a Decennal et protegeix de possibles reclamacions per danys estructurals i d&#039;altres durant els 10 anys posteriors a la data en qu\u00e8 es va lliurar l&#039;obra.\" \/>\n<meta property=\"og:url\" content=\"https:\/\/urquiabas.com\/seguro-decenal-construccion\/\" \/>\n<meta property=\"og:site_name\" content=\"Urqu\u00eda&amp;Bas\" \/>\n<meta property=\"article:publisher\" content=\"https:\/\/www.facebook.com\/UrquiaBas\/\" \/>\n<meta property=\"article:modified_time\" content=\"2025-12-04T10:57:07+00:00\" \/>\n<meta property=\"og:image\" content=\"https:\/\/urquiabas.com\/wp-content\/uploads\/2015\/05\/header-decenal-e1437559812402.jpg\" \/>\n\t<meta property=\"og:image:width\" content=\"1200\" \/>\n\t<meta property=\"og:image:height\" content=\"400\" \/>\n\t<meta property=\"og:image:type\" content=\"image\/jpeg\" \/>\n<meta name=\"twitter:card\" content=\"summary_large_image\" \/>\n<meta name=\"twitter:site\" content=\"@BasUrquia\" \/>\n<meta name=\"twitter:label1\" content=\"Temps estimat de lectura\" \/>\n\t<meta name=\"twitter:data1\" content=\"2 minuts\" \/>\n<script type=\"application\/ld+json\" class=\"yoast-schema-graph\">{\"@context\":\"https:\\\/\\\/schema.org\",\"@graph\":[{\"@type\":\"WebPage\",\"@id\":\"https:\\\/\\\/urquiabas.com\\\/seguro-decenal-construccion\\\/\",\"url\":\"https:\\\/\\\/urquiabas.com\\\/seguro-decenal-construccion\\\/\",\"name\":\"Decennal - Urqu\u00eda&amp;Bas\",\"isPartOf\":{\"@id\":\"https:\\\/\\\/urquiabas.com\\\/#website\"},\"primaryImageOfPage\":{\"@id\":\"https:\\\/\\\/urquiabas.com\\\/seguro-decenal-construccion\\\/#primaryimage\"},\"image\":{\"@id\":\"https:\\\/\\\/urquiabas.com\\\/seguro-decenal-construccion\\\/#primaryimage\"},\"thumbnailUrl\":\"https:\\\/\\\/urquiabas.com\\\/wp-content\\\/uploads\\\/2015\\\/05\\\/header-decenal-e1437559812402.jpg\",\"datePublished\":\"2021-04-07T15:48:14+00:00\",\"dateModified\":\"2025-12-04T10:57:07+00:00\",\"description\":\"Asseguran\u00e7a Decennal et protegeix de possibles reclamacions per danys estructurals i d'altres durant els 10 anys posteriors a la data en qu\u00e8 es va lliurar l'obra.\",\"breadcrumb\":{\"@id\":\"https:\\\/\\\/urquiabas.com\\\/seguro-decenal-construccion\\\/#breadcrumb\"},\"inLanguage\":\"ca\",\"potentialAction\":[{\"@type\":\"ReadAction\",\"target\":[\"https:\\\/\\\/urquiabas.com\\\/seguro-decenal-construccion\\\/\"]}]},{\"@type\":\"ImageObject\",\"inLanguage\":\"ca\",\"@id\":\"https:\\\/\\\/urquiabas.com\\\/seguro-decenal-construccion\\\/#primaryimage\",\"url\":\"https:\\\/\\\/urquiabas.com\\\/wp-content\\\/uploads\\\/2015\\\/05\\\/header-decenal-e1437559812402.jpg\",\"contentUrl\":\"https:\\\/\\\/urquiabas.com\\\/wp-content\\\/uploads\\\/2015\\\/05\\\/header-decenal-e1437559812402.jpg\",\"width\":1200,\"height\":400,\"caption\":\"Decenal\"},{\"@type\":\"BreadcrumbList\",\"@id\":\"https:\\\/\\\/urquiabas.com\\\/seguro-decenal-construccion\\\/#breadcrumb\",\"itemListElement\":[{\"@type\":\"ListItem\",\"position\":1,\"name\":\"Portada\",\"item\":\"https:\\\/\\\/urquiabas.com\\\/\"},{\"@type\":\"ListItem\",\"position\":2,\"name\":\"Decennal\"}]},{\"@type\":\"WebSite\",\"@id\":\"https:\\\/\\\/urquiabas.com\\\/#website\",\"url\":\"https:\\\/\\\/urquiabas.com\\\/\",\"name\":\"Urqu\u00eda&amp;Bas\",\"description\":\"Corredur\u00eda de seguros | Lleida\",\"publisher\":{\"@id\":\"https:\\\/\\\/urquiabas.com\\\/#organization\"},\"potentialAction\":[{\"@type\":\"SearchAction\",\"target\":{\"@type\":\"EntryPoint\",\"urlTemplate\":\"https:\\\/\\\/urquiabas.com\\\/?s={search_term_string}\"},\"query-input\":{\"@type\":\"PropertyValueSpecification\",\"valueRequired\":true,\"valueName\":\"search_term_string\"}}],\"inLanguage\":\"ca\"},{\"@type\":\"Organization\",\"@id\":\"https:\\\/\\\/urquiabas.com\\\/#organization\",\"name\":\"Urquia & Bas S.L\",\"url\":\"https:\\\/\\\/urquiabas.com\\\/\",\"logo\":{\"@type\":\"ImageObject\",\"inLanguage\":\"ca\",\"@id\":\"https:\\\/\\\/urquiabas.com\\\/#\\\/schema\\\/logo\\\/image\\\/\",\"url\":\"https:\\\/\\\/urquiabas.com\\\/wp-content\\\/uploads\\\/2018\\\/03\\\/logoubmail2018.jpg\",\"contentUrl\":\"https:\\\/\\\/urquiabas.com\\\/wp-content\\\/uploads\\\/2018\\\/03\\\/logoubmail2018.jpg\",\"width\":258,\"height\":61,\"caption\":\"Urquia & Bas S.L\"},\"image\":{\"@id\":\"https:\\\/\\\/urquiabas.com\\\/#\\\/schema\\\/logo\\\/image\\\/\"},\"sameAs\":[\"https:\\\/\\\/www.facebook.com\\\/UrquiaBas\\\/\",\"https:\\\/\\\/x.com\\\/BasUrquia\",\"https:\\\/\\\/www.instagram.com\\\/urquiabas\\\/\",\"https:\\\/\\\/www.linkedin.com\\\/company\\\/3125928\\\/\"]}]}<\/script>\n<!-- \/ Yoast SEO plugin. -->","yoast_head_json":{"title":"Decennal - Urqu\u00eda&amp;Bas","description":"Asseguran\u00e7a Decennal et protegeix de possibles reclamacions per danys estructurals i d'altres durant els 10 anys posteriors a la data en qu\u00e8 es va lliurar l'obra.","robots":{"index":"index","follow":"follow","max-snippet":"max-snippet:-1","max-image-preview":"max-image-preview:large","max-video-preview":"max-video-preview:-1"},"canonical":"https:\/\/urquiabas.com\/seguro-decenal-construccion\/","og_locale":"ca_ES","og_type":"article","og_title":"Decennal - Urqu\u00eda&amp;Bas","og_description":"Asseguran\u00e7a Decennal et protegeix de possibles reclamacions per danys estructurals i d'altres durant els 10 anys posteriors a la data en qu\u00e8 es va lliurar l'obra.","og_url":"https:\/\/urquiabas.com\/seguro-decenal-construccion\/","og_site_name":"Urqu\u00eda&amp;Bas","article_publisher":"https:\/\/www.facebook.com\/UrquiaBas\/","article_modified_time":"2025-12-04T10:57:07+00:00","og_image":[{"width":1200,"height":400,"url":"https:\/\/urquiabas.com\/wp-content\/uploads\/2015\/05\/header-decenal-e1437559812402.jpg","type":"image\/jpeg"}],"twitter_card":"summary_large_image","twitter_site":"@BasUrquia","twitter_misc":{"Temps estimat de lectura":"2 minuts"},"schema":{"@context":"https:\/\/schema.org","@graph":[{"@type":"WebPage","@id":"https:\/\/urquiabas.com\/seguro-decenal-construccion\/","url":"https:\/\/urquiabas.com\/seguro-decenal-construccion\/","name":"Decennal - Urqu\u00eda&amp;Bas","isPartOf":{"@id":"https:\/\/urquiabas.com\/#website"},"primaryImageOfPage":{"@id":"https:\/\/urquiabas.com\/seguro-decenal-construccion\/#primaryimage"},"image":{"@id":"https:\/\/urquiabas.com\/seguro-decenal-construccion\/#primaryimage"},"thumbnailUrl":"https:\/\/urquiabas.com\/wp-content\/uploads\/2015\/05\/header-decenal-e1437559812402.jpg","datePublished":"2021-04-07T15:48:14+00:00","dateModified":"2025-12-04T10:57:07+00:00","description":"Asseguran\u00e7a Decennal et protegeix de possibles reclamacions per danys estructurals i d'altres durant els 10 anys posteriors a la data en qu\u00e8 es va lliurar l'obra.","breadcrumb":{"@id":"https:\/\/urquiabas.com\/seguro-decenal-construccion\/#breadcrumb"},"inLanguage":"ca","potentialAction":[{"@type":"ReadAction","target":["https:\/\/urquiabas.com\/seguro-decenal-construccion\/"]}]},{"@type":"ImageObject","inLanguage":"ca","@id":"https:\/\/urquiabas.com\/seguro-decenal-construccion\/#primaryimage","url":"https:\/\/urquiabas.com\/wp-content\/uploads\/2015\/05\/header-decenal-e1437559812402.jpg","contentUrl":"https:\/\/urquiabas.com\/wp-content\/uploads\/2015\/05\/header-decenal-e1437559812402.jpg","width":1200,"height":400,"caption":"Decenal"},{"@type":"BreadcrumbList","@id":"https:\/\/urquiabas.com\/seguro-decenal-construccion\/#breadcrumb","itemListElement":[{"@type":"ListItem","position":1,"name":"Portada","item":"https:\/\/urquiabas.com\/"},{"@type":"ListItem","position":2,"name":"Decennal"}]},{"@type":"WebSite","@id":"https:\/\/urquiabas.com\/#website","url":"https:\/\/urquiabas.com\/","name":"Urqu\u00eda&amp;Bas","description":"Corredur\u00eda de seguros | Lleida","publisher":{"@id":"https:\/\/urquiabas.com\/#organization"},"potentialAction":[{"@type":"SearchAction","target":{"@type":"EntryPoint","urlTemplate":"https:\/\/urquiabas.com\/?s={search_term_string}"},"query-input":{"@type":"PropertyValueSpecification","valueRequired":true,"valueName":"search_term_string"}}],"inLanguage":"ca"},{"@type":"Organization","@id":"https:\/\/urquiabas.com\/#organization","name":"Urquia & Bas S.L","url":"https:\/\/urquiabas.com\/","logo":{"@type":"ImageObject","inLanguage":"ca","@id":"https:\/\/urquiabas.com\/#\/schema\/logo\/image\/","url":"https:\/\/urquiabas.com\/wp-content\/uploads\/2018\/03\/logoubmail2018.jpg","contentUrl":"https:\/\/urquiabas.com\/wp-content\/uploads\/2018\/03\/logoubmail2018.jpg","width":258,"height":61,"caption":"Urquia & Bas S.L"},"image":{"@id":"https:\/\/urquiabas.com\/#\/schema\/logo\/image\/"},"sameAs":["https:\/\/www.facebook.com\/UrquiaBas\/","https:\/\/x.com\/BasUrquia","https:\/\/www.instagram.com\/urquiabas\/","https:\/\/www.linkedin.com\/company\/3125928\/"]}]}},"_links":{"self":[{"href":"https:\/\/urquiabas.com\/ca\/wp-json\/wp\/v2\/pages\/17232","targetHints":{"allow":["GET"]}}],"collection":[{"href":"https:\/\/urquiabas.com\/ca\/wp-json\/wp\/v2\/pages"}],"about":[{"href":"https:\/\/urquiabas.com\/ca\/wp-json\/wp\/v2\/types\/page"}],"author":[{"embeddable":true,"href":"https:\/\/urquiabas.com\/ca\/wp-json\/wp\/v2\/users\/5"}],"replies":[{"embeddable":true,"href":"https:\/\/urquiabas.com\/ca\/wp-json\/wp\/v2\/comments?post=17232"}],"version-history":[{"count":0,"href":"https:\/\/urquiabas.com\/ca\/wp-json\/wp\/v2\/pages\/17232\/revisions"}],"wp:featuredmedia":[{"embeddable":true,"href":"https:\/\/urquiabas.com\/ca\/wp-json\/wp\/v2\/media\/5920"}],"wp:attachment":[{"href":"https:\/\/urquiabas.com\/ca\/wp-json\/wp\/v2\/media?parent=17232"}],"curies":[{"name":"wp","href":"https:\/\/api.w.org\/{rel}","templated":true}]}}