{"id":20518,"date":"2023-11-27T09:27:19","date_gmt":"2023-11-27T08:27:19","guid":{"rendered":"https:\/\/urquiabas.com\/assegurances-per-a-carnestoltes\/"},"modified":"2023-11-27T09:27:19","modified_gmt":"2023-11-27T08:27:19","slug":"assegurances-per-a-carnestoltes","status":"publish","type":"page","link":"https:\/\/urquiabas.com\/ca\/assegurances-per-a-carnestoltes\/","title":{"rendered":"Assegurances per a carnestoltes"},"content":{"rendered":"<p>Assegurances per a Carnavals que generen tranquil\u00b7litat<\/p>\n<p>Creem assegurances \u00faniques, per a esdeveniments amb experi\u00e8ncies \u00faniques. Vols saber com?<\/p>\n<p>Assegurances per a Carnavals que generen tranquil\u00b7litat<\/p>\n<p>Creem assegurances \u00faniques, per a esdeveniments amb experi\u00e8ncies \u00faniques. Vols saber com?<\/p>\n<p><strong>Per qu\u00e8 necessites aquestes assegurances per a carnestoltes?<\/strong><\/p>\n<p><strong>Qu\u00e8 has de tenir en compte?<\/strong><\/p>\n<p>A l&#8217;organitzaci\u00f3 d&#8217;un esdeveniment, sigui de la classe que sigui, entren en joc molts aspectes com <strong>la seguretat, el control de l&#8217;aforament, les normes de participaci\u00f3, les indicacions per al personal i els voluntaris, etc.<\/strong><\/p>\n<p>I \u00e9s que, la festa de Carnestoltes \u00e9s un esdeveniment massiu i, per aix\u00f2, com a organitzador\/a de l&#8217;esdeveniment has de:<\/p>\n<ul>\n<li><strong>Establir i complir les mesures de seguretat.<\/strong><\/li>\n<li><strong>Comptar amb una asseguran\u00e7a de Responsabilitat Civil.<\/strong><\/li>\n<li><strong>Contractar una asseguran\u00e7a d&#8217;accidents.<\/strong><\/li>\n<li><strong>Tenir una asseguran\u00e7a de cancel\u00b7laci\u00f3 de l&#8217;esdeveniment.<\/strong><\/li>\n<\/ul>\n<p><strong>Qu\u00e8 obtindries en contractar-los?<\/strong><\/p>\n<h4><strong>Asseguran\u00e7a de responsabilitat Civil<\/strong><\/h4>\n<p>Estaries cobert davant dels possibles danys ocasionats a tercers, ja siguin materials o personals i, aix\u00ed, fer front a possibles reclamacions.<\/p>\n<h4><strong>Asseguran\u00e7a d&#8217;accidents<\/strong><\/h4>\n<p>Estaries cobert davant dels possibles danys patits pels voluntaris, els participants i el p\u00fablic assistent.<\/p>\n<h4><strong>Asseguran\u00e7a de Cancel\u00b7laci\u00f3 de l&#8217;esdeveniment<\/strong><\/h4>\n<p>Podr\u00e0s recuperar la inversi\u00f3 en cas de suspensi\u00f3, cancel\u00b7laci\u00f3, ajornament, interrupci\u00f3, reducci\u00f3 i reubicaci\u00f3 per fen\u00f2mens meteorol\u00f2gics, tall el\u00e8ctric o qualsevol causa no prevista (que no estigui exclosa espec\u00edficament a la p\u00f2lissa).<\/p>\n<blockquote><p>*Si la teva festa de Carnaval inclou una cercavila o carrosses, haur\u00e0s de contractar una Asseguran\u00e7a obligat\u00f2ria de circulaci\u00f3 per als vehicles que participin a la desfilada.<\/p><\/blockquote>\n<p><strong>Com podr\u00e0s contractar les p\u00f2lisses?<\/strong><\/p>\n<p>Contractaci\u00f3 per Assessorament<\/p>\n<p style=\"text-align: center;\">Mitjan\u00e7ant un assessorament personalitzat se us oferir\u00e0 les assegurances que millor corresponguin al vostre esdeveniment. A m\u00e9s, podr\u00e0s accedir a preus especials<\/p>\n<p><strong>Tarifa de preus<\/strong><\/p>\n<div class=\"table-2\" style=\"text-align: center;\">\n<table style=\"height: 189px;\" width=\"1145\">\n<thead style=\"padding-left: 40px;\">\n<tr style=\"padding-left: 40px;\">\n<th style=\"text-align: center;\" align=\"left\">Capital<\/th>\n<th style=\"text-align: center;\" align=\"left\">Aforament fins a 100<\/th>\n<th style=\"text-align: center;\" align=\"left\">Aforament fins a 200<\/th>\n<th style=\"text-align: center;\" align=\"left\">Aforament fins a 300<\/th>\n<th style=\"text-align: center;\" align=\"left\">Aforament fins a 700<\/th>\n<th style=\"text-align: center;\" align=\"left\">Aforament fins a 1.000<\/th>\n<th style=\"text-align: center;\" align=\"left\">Aforament fins a 1.500<\/th>\n<\/tr>\n<\/thead>\n<tbody>\n<tr>\n<td align=\"center\">300.000,00 \u20ac<\/td>\n<td align=\"center\">120,00\u20ac<\/td>\n<td align=\"center\">207,37 \u20ac<\/td>\n<td align=\"center\">271,00 \u20ac<\/td>\n<td align=\"center\"><\/td>\n<td align=\"center\"><\/td>\n<td align=\"center\"><\/td>\n<\/tr>\n<tr>\n<td align=\"center\">600.000,00 \u20ac<\/td>\n<td align=\"center\">150,60 \u20ac<\/td>\n<td align=\"center\">264,15 \u20ac<\/td>\n<td align=\"center\">344,45 \u20ac<\/td>\n<td align=\"center\"><\/td>\n<td align=\"center\"><\/td>\n<td align=\"center\"><\/td>\n<\/tr>\n<tr>\n<td align=\"center\">900.000,00 \u20ac<\/td>\n<td align=\"center\"><\/td>\n<td align=\"center\"><\/td>\n<td align=\"center\"><\/td>\n<td align=\"center\">457,20 \u20ac<\/td>\n<td align=\"left\"><\/td>\n<td align=\"left\"><\/td>\n<\/tr>\n<tr>\n<td align=\"center\">1.200.000,00 \u20ac<\/td>\n<td align=\"left\"><\/td>\n<td align=\"left\"><\/td>\n<td align=\"left\"><\/td>\n<td align=\"left\"><\/td>\n<td align=\"center\">566,00\u20ac<\/td>\n<td align=\"center\">701,00\u20ac<\/td>\n<\/tr>\n<\/tbody>\n<\/table>\n<\/div>\n<p style=\"text-align: left;\">*Aclariment cobertures:<br \/>\nEs fa constar que el local on se celebra l&#8217;esdeveniment compta amb la deguda llic\u00e8ncia i autoritzaci\u00f3 de funcionament, o cuneta amb llic\u00e8ncia municipal, concedida de manera espec\u00edfica per a la festa. Si no compta amb les autoritzacions indicades, queda sense efecte de cobertura les garanties de la present p\u00f2lissa.<\/p>\n<p style=\"text-align: left;\">*Exclusions espec\u00edfiques:<br \/>\nNo tenen cobertures per les garanties de la present p\u00f2lissa, les reclamacions per servei de guarda-robes o per danys a vehicles en aparcaments.<\/p>\n<div class=\"table-2\" style=\"text-align: center;\">\n<p style=\"text-align: left;\">\ud83d\udc48\ud83c\udffb Lliscar dins del quadre a l&#8217;esquerra per con\u00e8ixer els diferents preus per aforaments<\/p>\n<table style=\"height: 189px;\" width=\"1145\">\n<thead style=\"padding-left: 40px;\">\n<tr style=\"padding-left: 40px;\">\n<th style=\"text-align: center;\" align=\"left\">Capital<\/th>\n<th style=\"text-align: center;\" align=\"left\">Aforament fins a 100<\/th>\n<th style=\"text-align: center;\" align=\"left\">Aforament fins a 200<\/th>\n<th style=\"text-align: center;\" align=\"left\">Aforament fins a 300<\/th>\n<th style=\"text-align: center;\" align=\"left\">Aforament fins a 700<\/th>\n<th style=\"text-align: center;\" align=\"left\">Aforament fins a 1.000<\/th>\n<th style=\"text-align: center;\" align=\"left\">Aforament fins a 1.500<\/th>\n<\/tr>\n<\/thead>\n<tbody>\n<tr>\n<td align=\"center\">300.000,00 \u20ac<\/td>\n<td align=\"center\">120,00\u20ac<\/td>\n<td align=\"center\">207,37 \u20ac<\/td>\n<td align=\"center\">271,00 \u20ac<\/td>\n<td align=\"center\"><\/td>\n<td align=\"center\"><\/td>\n<td align=\"center\"><\/td>\n<\/tr>\n<tr>\n<td align=\"center\">600.000,00 \u20ac<\/td>\n<td align=\"center\">150,60 \u20ac<\/td>\n<td align=\"center\">264,15 \u20ac<\/td>\n<td align=\"center\">344,45 \u20ac<\/td>\n<td align=\"center\"><\/td>\n<td align=\"center\"><\/td>\n<td align=\"center\"><\/td>\n<\/tr>\n<tr>\n<td align=\"center\">900.000,00 \u20ac<\/td>\n<td align=\"center\"><\/td>\n<td align=\"center\"><\/td>\n<td align=\"center\"><\/td>\n<td align=\"center\">457,20 \u20ac<\/td>\n<td align=\"left\"><\/td>\n<td align=\"left\"><\/td>\n<\/tr>\n<tr>\n<td align=\"center\">1.200.000,00 \u20ac<\/td>\n<td align=\"left\"><\/td>\n<td align=\"left\"><\/td>\n<td align=\"left\"><\/td>\n<td align=\"left\"><\/td>\n<td align=\"center\">566,00 \u20ac<\/td>\n<td align=\"center\">701,00\u20ac<\/td>\n<\/tr>\n<\/tbody>\n<\/table>\n<\/div>\n<p style=\"text-align: left;\">*Aclariment cobertures:<br \/>\nEs fa constar que el local on se celebra l&#8217;esdeveniment compta amb la llic\u00e8ncia i l&#8217;autoritzaci\u00f3 de funcionament deguda, o cuneta amb llic\u00e8ncia municipal, concedida de forma espec\u00edfica per a la festa. Si no compta amb les autoritzacions indicades, queda sense efecte de cobertura les garanties de la present p\u00f2lissa.<\/p>\n<p style=\"text-align: left;\">*Exclusions espec\u00edfiques:<br \/>\nNo tenen cobertures per les garanties de la present p\u00f2lissa, les reclamacions per servei de guarda-robes o per danys a vehicles en aparcaments.<\/p>\n<p><strong>Per qu\u00e8 contractar-ho amb nosaltres?<\/strong><\/p>\n<p><strong>El millor assessorament<\/strong><\/p>\n<p>Marisa Barber\u00e1, comercial d\u00b4Espectacles i Associacions no esportives.<\/p>\n<p>Fa m\u00e9s de 20 anys que Marisa ajuda a proveir empreses i aut\u00f2noms d&#8217;una asseguran\u00e7a espec\u00edfica per a cada esdeveniment. S&#8217;encarrega de crear assegurances \u00faniques, per a esdeveniments amb experi\u00e8ncies \u00faniques.<\/p>\n<p>El que opinen els nostres clients<\/p>\n<p>Qui millor que ells per explicar des de la seva experi\u00e8ncia com treballar amb nosaltres.<\/p>\n<p>Grans professionals, especialistes al sector d&#8217;esdeveniments, r\u00e0pids i gran tracte hum\u00e0.<\/p>\n<p>Laura Heras<\/p>\n<p>Total i absoluta efic\u00e0cia en assegurances despectacles. Marisa \u00e9s incre\u00efble.<\/p>\n<p>Betlem Chanes<\/p>\n<p>Marisa and the Urquia &amp; Bas team havem d&#8217;una gran insurance and a good price for us. Their service has always been responsive and really good. Recommended!<\/p>\n<p>Ostadar Deu<\/p>\n<p>Empresa molt recomanable! Molt professionals i atents. T&#8217;ajuden en tot all\u00f2 que poden. Genial!<\/p>\n<p>Ferran Pegenaute<\/p>\n<p><strong>Vols garantir la protecci\u00f3 a l&#8217;organitzaci\u00f3 del teu esdeveniment i <span style=\"color: #00ff00;\">la continu\u00eftat del negoci<\/span> en cas d&#8217;un desafortunat incident?<\/strong><\/p>\n<p><strong>Parlem!<\/strong><\/p>\n","protected":false},"excerpt":{"rendered":"<p>Assegurances per a Carnavals que generen tranquil\u00b7litat Creem assegurances \u00faniques, per a esdeveniments amb experi\u00e8ncies \u00faniques. Vols saber com? Assegurances per a Carnavals que generen tranquil\u00b7litat Creem assegurances \u00faniques, per a esdeveniments amb experi\u00e8ncies \u00faniques. Vols saber com? Per qu\u00e8 necessites aquestes assegurances per a carnestoltes? Qu\u00e8 has de tenir en compte? A l&#8217;organitzaci\u00f3 d&#8217;un [&hellip;]<\/p>\n","protected":false},"author":5,"featured_media":21804,"parent":0,"menu_order":0,"comment_status":"closed","ping_status":"closed","template":"","meta":{"_acf_changed":false,"inline_featured_image":false,"footnotes":""},"class_list":["post-20518","page","type-page","status-publish","has-post-thumbnail","hentry"],"acf":{"contacte":"emma"},"yoast_head":"<!-- This site is optimized with the Yoast SEO plugin v27.5 - https:\/\/yoast.com\/product\/yoast-seo-wordpress\/ -->\n<title>Assegurances per a carnestoltes 2023 - Preus especials<\/title>\n<meta name=\"description\" content=\"Assegurances per a carnestoltes amb les millors cobertures i preus. Fa m\u00e9s de 20 anys que prove\u00efm empreses i aut\u00f2noms d&#039;una bona asseguran\u00e7a.\" \/>\n<meta name=\"robots\" content=\"index, follow, max-snippet:-1, max-image-preview:large, max-video-preview:-1\" \/>\n<link rel=\"canonical\" href=\"https:\/\/urquiabas.com\/seguros-para-carnavales\/\" \/>\n<meta property=\"og:locale\" content=\"ca_ES\" \/>\n<meta property=\"og:type\" content=\"article\" \/>\n<meta property=\"og:title\" content=\"Assegurances per a carnestoltes 2023 - Preus especials\" \/>\n<meta property=\"og:description\" content=\"Assegurances per a carnestoltes amb les millors cobertures i preus. Fa m\u00e9s de 20 anys que prove\u00efm empreses i aut\u00f2noms d&#039;una bona asseguran\u00e7a.\" \/>\n<meta property=\"og:url\" content=\"https:\/\/urquiabas.com\/seguros-para-carnavales\/\" \/>\n<meta property=\"og:site_name\" content=\"Urqu\u00eda&amp;Bas\" \/>\n<meta property=\"article:publisher\" content=\"https:\/\/www.facebook.com\/UrquiaBas\/\" \/>\n<meta name=\"twitter:card\" content=\"summary_large_image\" \/>\n<meta name=\"twitter:site\" content=\"@BasUrquia\" \/>\n<meta name=\"twitter:label1\" content=\"Temps estimat de lectura\" \/>\n\t<meta name=\"twitter:data1\" content=\"3 minuts\" \/>\n<script type=\"application\/ld+json\" class=\"yoast-schema-graph\">{\"@context\":\"https:\\\/\\\/schema.org\",\"@graph\":[{\"@type\":\"WebPage\",\"@id\":\"https:\\\/\\\/urquiabas.com\\\/seguros-para-carnavales\\\/\",\"url\":\"https:\\\/\\\/urquiabas.com\\\/seguros-para-carnavales\\\/\",\"name\":\"Assegurances per a carnestoltes 2023 - Preus especials\",\"isPartOf\":{\"@id\":\"https:\\\/\\\/urquiabas.com\\\/#website\"},\"primaryImageOfPage\":{\"@id\":\"https:\\\/\\\/urquiabas.com\\\/seguros-para-carnavales\\\/#primaryimage\"},\"image\":{\"@id\":\"https:\\\/\\\/urquiabas.com\\\/seguros-para-carnavales\\\/#primaryimage\"},\"thumbnailUrl\":\"https:\\\/\\\/urquiabas.com\\\/wp-content\\\/uploads\\\/2025\\\/01\\\/venus-major-ysIIH0lApgs-unsplash-scaled.jpg\",\"datePublished\":\"2023-11-27T08:27:19+00:00\",\"description\":\"Assegurances per a carnestoltes amb les millors cobertures i preus. Fa m\u00e9s de 20 anys que prove\u00efm empreses i aut\u00f2noms d'una bona asseguran\u00e7a.\",\"breadcrumb\":{\"@id\":\"https:\\\/\\\/urquiabas.com\\\/seguros-para-carnavales\\\/#breadcrumb\"},\"inLanguage\":\"ca\",\"potentialAction\":[{\"@type\":\"ReadAction\",\"target\":[\"https:\\\/\\\/urquiabas.com\\\/seguros-para-carnavales\\\/\"]}]},{\"@type\":\"ImageObject\",\"inLanguage\":\"ca\",\"@id\":\"https:\\\/\\\/urquiabas.com\\\/seguros-para-carnavales\\\/#primaryimage\",\"url\":\"https:\\\/\\\/urquiabas.com\\\/wp-content\\\/uploads\\\/2025\\\/01\\\/venus-major-ysIIH0lApgs-unsplash-scaled.jpg\",\"contentUrl\":\"https:\\\/\\\/urquiabas.com\\\/wp-content\\\/uploads\\\/2025\\\/01\\\/venus-major-ysIIH0lApgs-unsplash-scaled.jpg\",\"width\":2560,\"height\":2211},{\"@type\":\"BreadcrumbList\",\"@id\":\"https:\\\/\\\/urquiabas.com\\\/seguros-para-carnavales\\\/#breadcrumb\",\"itemListElement\":[{\"@type\":\"ListItem\",\"position\":1,\"name\":\"Portada\",\"item\":\"https:\\\/\\\/urquiabas.com\\\/\"},{\"@type\":\"ListItem\",\"position\":2,\"name\":\"Assegurances per a carnestoltes\"}]},{\"@type\":\"WebSite\",\"@id\":\"https:\\\/\\\/urquiabas.com\\\/#website\",\"url\":\"https:\\\/\\\/urquiabas.com\\\/\",\"name\":\"Urqu\u00eda&amp;Bas\",\"description\":\"Corredur\u00eda de seguros | Lleida\",\"publisher\":{\"@id\":\"https:\\\/\\\/urquiabas.com\\\/#organization\"},\"potentialAction\":[{\"@type\":\"SearchAction\",\"target\":{\"@type\":\"EntryPoint\",\"urlTemplate\":\"https:\\\/\\\/urquiabas.com\\\/?s={search_term_string}\"},\"query-input\":{\"@type\":\"PropertyValueSpecification\",\"valueRequired\":true,\"valueName\":\"search_term_string\"}}],\"inLanguage\":\"ca\"},{\"@type\":\"Organization\",\"@id\":\"https:\\\/\\\/urquiabas.com\\\/#organization\",\"name\":\"Urquia & Bas S.L\",\"url\":\"https:\\\/\\\/urquiabas.com\\\/\",\"logo\":{\"@type\":\"ImageObject\",\"inLanguage\":\"ca\",\"@id\":\"https:\\\/\\\/urquiabas.com\\\/#\\\/schema\\\/logo\\\/image\\\/\",\"url\":\"https:\\\/\\\/urquiabas.com\\\/wp-content\\\/uploads\\\/2018\\\/03\\\/logoubmail2018.jpg\",\"contentUrl\":\"https:\\\/\\\/urquiabas.com\\\/wp-content\\\/uploads\\\/2018\\\/03\\\/logoubmail2018.jpg\",\"width\":258,\"height\":61,\"caption\":\"Urquia & Bas S.L\"},\"image\":{\"@id\":\"https:\\\/\\\/urquiabas.com\\\/#\\\/schema\\\/logo\\\/image\\\/\"},\"sameAs\":[\"https:\\\/\\\/www.facebook.com\\\/UrquiaBas\\\/\",\"https:\\\/\\\/x.com\\\/BasUrquia\",\"https:\\\/\\\/www.instagram.com\\\/urquiabas\\\/\",\"https:\\\/\\\/www.linkedin.com\\\/company\\\/3125928\\\/\"]}]}<\/script>\n<!-- \/ Yoast SEO plugin. -->","yoast_head_json":{"title":"Assegurances per a carnestoltes 2023 - Preus especials","description":"Assegurances per a carnestoltes amb les millors cobertures i preus. Fa m\u00e9s de 20 anys que prove\u00efm empreses i aut\u00f2noms d'una bona asseguran\u00e7a.","robots":{"index":"index","follow":"follow","max-snippet":"max-snippet:-1","max-image-preview":"max-image-preview:large","max-video-preview":"max-video-preview:-1"},"canonical":"https:\/\/urquiabas.com\/seguros-para-carnavales\/","og_locale":"ca_ES","og_type":"article","og_title":"Assegurances per a carnestoltes 2023 - Preus especials","og_description":"Assegurances per a carnestoltes amb les millors cobertures i preus. Fa m\u00e9s de 20 anys que prove\u00efm empreses i aut\u00f2noms d'una bona asseguran\u00e7a.","og_url":"https:\/\/urquiabas.com\/seguros-para-carnavales\/","og_site_name":"Urqu\u00eda&amp;Bas","article_publisher":"https:\/\/www.facebook.com\/UrquiaBas\/","twitter_card":"summary_large_image","twitter_site":"@BasUrquia","twitter_misc":{"Temps estimat de lectura":"3 minuts"},"schema":{"@context":"https:\/\/schema.org","@graph":[{"@type":"WebPage","@id":"https:\/\/urquiabas.com\/seguros-para-carnavales\/","url":"https:\/\/urquiabas.com\/seguros-para-carnavales\/","name":"Assegurances per a carnestoltes 2023 - Preus especials","isPartOf":{"@id":"https:\/\/urquiabas.com\/#website"},"primaryImageOfPage":{"@id":"https:\/\/urquiabas.com\/seguros-para-carnavales\/#primaryimage"},"image":{"@id":"https:\/\/urquiabas.com\/seguros-para-carnavales\/#primaryimage"},"thumbnailUrl":"https:\/\/urquiabas.com\/wp-content\/uploads\/2025\/01\/venus-major-ysIIH0lApgs-unsplash-scaled.jpg","datePublished":"2023-11-27T08:27:19+00:00","description":"Assegurances per a carnestoltes amb les millors cobertures i preus. Fa m\u00e9s de 20 anys que prove\u00efm empreses i aut\u00f2noms d'una bona asseguran\u00e7a.","breadcrumb":{"@id":"https:\/\/urquiabas.com\/seguros-para-carnavales\/#breadcrumb"},"inLanguage":"ca","potentialAction":[{"@type":"ReadAction","target":["https:\/\/urquiabas.com\/seguros-para-carnavales\/"]}]},{"@type":"ImageObject","inLanguage":"ca","@id":"https:\/\/urquiabas.com\/seguros-para-carnavales\/#primaryimage","url":"https:\/\/urquiabas.com\/wp-content\/uploads\/2025\/01\/venus-major-ysIIH0lApgs-unsplash-scaled.jpg","contentUrl":"https:\/\/urquiabas.com\/wp-content\/uploads\/2025\/01\/venus-major-ysIIH0lApgs-unsplash-scaled.jpg","width":2560,"height":2211},{"@type":"BreadcrumbList","@id":"https:\/\/urquiabas.com\/seguros-para-carnavales\/#breadcrumb","itemListElement":[{"@type":"ListItem","position":1,"name":"Portada","item":"https:\/\/urquiabas.com\/"},{"@type":"ListItem","position":2,"name":"Assegurances per a carnestoltes"}]},{"@type":"WebSite","@id":"https:\/\/urquiabas.com\/#website","url":"https:\/\/urquiabas.com\/","name":"Urqu\u00eda&amp;Bas","description":"Corredur\u00eda de seguros | Lleida","publisher":{"@id":"https:\/\/urquiabas.com\/#organization"},"potentialAction":[{"@type":"SearchAction","target":{"@type":"EntryPoint","urlTemplate":"https:\/\/urquiabas.com\/?s={search_term_string}"},"query-input":{"@type":"PropertyValueSpecification","valueRequired":true,"valueName":"search_term_string"}}],"inLanguage":"ca"},{"@type":"Organization","@id":"https:\/\/urquiabas.com\/#organization","name":"Urquia & Bas S.L","url":"https:\/\/urquiabas.com\/","logo":{"@type":"ImageObject","inLanguage":"ca","@id":"https:\/\/urquiabas.com\/#\/schema\/logo\/image\/","url":"https:\/\/urquiabas.com\/wp-content\/uploads\/2018\/03\/logoubmail2018.jpg","contentUrl":"https:\/\/urquiabas.com\/wp-content\/uploads\/2018\/03\/logoubmail2018.jpg","width":258,"height":61,"caption":"Urquia & Bas S.L"},"image":{"@id":"https:\/\/urquiabas.com\/#\/schema\/logo\/image\/"},"sameAs":["https:\/\/www.facebook.com\/UrquiaBas\/","https:\/\/x.com\/BasUrquia","https:\/\/www.instagram.com\/urquiabas\/","https:\/\/www.linkedin.com\/company\/3125928\/"]}]}},"_links":{"self":[{"href":"https:\/\/urquiabas.com\/ca\/wp-json\/wp\/v2\/pages\/20518","targetHints":{"allow":["GET"]}}],"collection":[{"href":"https:\/\/urquiabas.com\/ca\/wp-json\/wp\/v2\/pages"}],"about":[{"href":"https:\/\/urquiabas.com\/ca\/wp-json\/wp\/v2\/types\/page"}],"author":[{"embeddable":true,"href":"https:\/\/urquiabas.com\/ca\/wp-json\/wp\/v2\/users\/5"}],"replies":[{"embeddable":true,"href":"https:\/\/urquiabas.com\/ca\/wp-json\/wp\/v2\/comments?post=20518"}],"version-history":[{"count":0,"href":"https:\/\/urquiabas.com\/ca\/wp-json\/wp\/v2\/pages\/20518\/revisions"}],"wp:featuredmedia":[{"embeddable":true,"href":"https:\/\/urquiabas.com\/ca\/wp-json\/wp\/v2\/media\/21804"}],"wp:attachment":[{"href":"https:\/\/urquiabas.com\/ca\/wp-json\/wp\/v2\/media?parent=20518"}],"curies":[{"name":"wp","href":"https:\/\/api.w.org\/{rel}","templated":true}]}}