{"id":21246,"date":"2024-06-17T11:33:22","date_gmt":"2024-06-17T09:33:22","guid":{"rendered":"https:\/\/urquiabas.com\/?page_id=21246"},"modified":"2025-12-02T11:32:32","modified_gmt":"2025-12-02T10:32:32","slug":"rc-per-a-funcionaris-de-la-administracio-general-de-lestat-i-autonomica","status":"publish","type":"page","link":"https:\/\/urquiabas.com\/ca\/rc-per-a-funcionaris-de-la-administracio-general-de-lestat-i-autonomica\/","title":{"rendered":"RC per a Funcionaris de la Administraci\u00f3 General de l&#8217;Estat i Auton\u00f2mica"},"content":{"rendered":"\t\t<div data-elementor-type=\"wp-page\" data-elementor-id=\"21246\" class=\"elementor elementor-21246 elementor-21215\" data-elementor-post-type=\"page\">\n\t\t\t\t<div class=\"elementor-element elementor-element-4807a4f7 e-flex e-con-boxed e-con e-parent\" data-id=\"4807a4f7\" data-element_type=\"container\" data-e-type=\"container\" data-settings=\"{&quot;background_background&quot;:&quot;classic&quot;}\">\n\t\t\t\t\t<div class=\"e-con-inner\">\n\t\t<div class=\"elementor-element elementor-element-2f2f1e2 e-con-full e-flex e-con e-child\" data-id=\"2f2f1e2\" data-element_type=\"container\" data-e-type=\"container\" data-settings=\"{&quot;background_background&quot;:&quot;classic&quot;}\">\n\t\t\t\t<div class=\"elementor-element elementor-element-7f56980b elementor-widget elementor-widget-text-editor\" data-id=\"7f56980b\" data-element_type=\"widget\" data-e-type=\"widget\" data-widget_type=\"text-editor.default\">\n\t\t\t\t\t\t\t\t\t\n<p>Si eres Funcionario de los Cuerpos Generales (del Cuerpo T\u00e9cnico de Administraci\u00f3n Civil o, Funcionario del Cuerpo Administrativo y, Funcionarios de los Cuerpos Especiales.<\/p>\n\t\t\t\t\t\t\t\t<\/div>\n\t\t\t\t<\/div>\n\t\t<div class=\"elementor-element elementor-element-aaf768d e-con-full e-flex e-con e-child\" data-id=\"aaf768d\" data-element_type=\"container\" data-e-type=\"container\" data-settings=\"{&quot;background_background&quot;:&quot;classic&quot;}\">\n\t\t\t\t<div class=\"elementor-element elementor-element-5a51b6c elementor-widget elementor-widget-text-editor\" data-id=\"5a51b6c\" data-element_type=\"widget\" data-e-type=\"widget\" data-widget_type=\"text-editor.default\">\n\t\t\t\t\t\t\t\t\t<h3 class=\"wp-block-heading\">Precios<\/h3><div class=\"wp-block-columns\"><div class=\"wp-block-column\" style=\"flex-basis: 100%;\"><div class=\"table-2\"><table width=\"100%\"><thead><tr><th align=\"left\">L\u00edmite Asegurado<\/th><th align=\"left\">Precios Anuales<\/th><\/tr><\/thead><tbody><tr><td align=\"left\">150.000 \u20ac<\/td><td align=\"left\">145,88 \u20ac<\/td><\/tr><tr><td align=\"left\">300.000 \u20ac<\/td><td align=\"left\">165,24 \u20ac<\/td><\/tr><tr><td align=\"left\">450.000 \u20ac<\/td><td align=\"left\">183,55 \u20ac<\/td><\/tr><tr><td align=\"left\">600.000 \u20ac<\/td><td align=\"left\">189,66 \u20ac<\/td><\/tr><tr><td align=\"left\">900.000 \u20ac<\/td><td align=\"left\">221,22 \u20ac<\/td><\/tr><tr><td align=\"left\">1.200.000 \u20ac<\/td><td align=\"left\">259,45 \u20ac<\/td><\/tr><tr><td align=\"left\">2.000.000 \u20ac<\/td><td align=\"left\">329,25 \u20ac<\/td><\/tr><tr><td align=\"left\">Otros capitales<\/td><td align=\"left\">Consultar<\/td><\/tr><\/tbody><\/table><\/div><\/div><\/div>\t\t\t\t\t\t\t\t<\/div>\n\t\t<div class=\"elementor-element elementor-element-adf093b e-grid e-con-full e-con e-child\" data-id=\"adf093b\" data-element_type=\"container\" data-e-type=\"container\">\n\t\t\t\t<div class=\"elementor-element elementor-element-b83ff57 elementor-align-center elementor-widget__width-inherit elementor-widget elementor-widget-button\" data-id=\"b83ff57\" data-element_type=\"widget\" data-e-type=\"widget\" data-widget_type=\"button.default\">\n\t\t\t\t\t\t\t\t\t\t<a class=\"elementor-button elementor-button-link elementor-size-sm\" href=\"https:\/\/urquiabas.com\/wp-content\/uploads\/2024\/10\/POLIZA-RC-2067942-FUNCIONARIOS-ADMINISTRACION-PUBLICA-1.pdf\">\n\t\t\t\t\t\t<span class=\"elementor-button-content-wrapper\">\n\t\t\t\t\t\t\t\t\t<span class=\"elementor-button-text\">Coberturas y condiciones<\/span>\n\t\t\t\t\t<\/span>\n\t\t\t\t\t<\/a>\n\t\t\t\t\t\t\t\t<\/div>\n\t\t\t\t<div class=\"elementor-element elementor-element-2a1b747 elementor-align-center elementor-widget__width-inherit elementor-widget elementor-widget-button\" data-id=\"2a1b747\" data-element_type=\"widget\" data-e-type=\"widget\" data-widget_type=\"button.default\">\n\t\t\t\t\t\t\t\t\t\t<a class=\"elementor-button elementor-button-link elementor-size-sm\" href=\"#tarificador\">\n\t\t\t\t\t\t<span class=\"elementor-button-content-wrapper\">\n\t\t\t\t\t\t\t\t\t<span class=\"elementor-button-text\">Contrata tu seguro<\/span>\n\t\t\t\t\t<\/span>\n\t\t\t\t\t<\/a>\n\t\t\t\t\t\t\t\t<\/div>\n\t\t\t\t<\/div>\n\t\t\t\t<\/div>\n\t\t<div class=\"elementor-element elementor-element-4a6eead e-con-full e-flex e-con e-child\" data-id=\"4a6eead\" data-element_type=\"container\" data-e-type=\"container\" data-settings=\"{&quot;background_background&quot;:&quot;classic&quot;}\">\n\t\t\t\t<div class=\"elementor-element elementor-element-6d1f605 elementor-widget elementor-widget-text-editor\" data-id=\"6d1f605\" data-element_type=\"widget\" data-e-type=\"widget\" data-widget_type=\"text-editor.default\">\n\t\t\t\t\t\t\t\t\t\n<h2 class=\"wp-block-heading\">\u00bfA qui\u00e9n va dirigido?<\/h2>\n\n<p>Se asegura la Responsabilidad Civil Profesional y Contable que pueda derivarse de los errores profesionales en los que pueda incurrir el Asegurado en el ejercicio de su actividad como\u00a0 Funcionario de los Cuerpos Generales y Especiales de la Administraci\u00f3n p\u00fablica (General del Estado y Auton\u00f3mica), seg\u00fan vienen definida en el T\u00edtulo III, Cap\u00edtulo I, Secci\u00f3n 1\u00aa, art\u00edculos 23 y 24 del Decreto 315\/1964, de 7 de febrero, por el que se aprueba la Ley articulada de Funcionarios Civiles del Estado, en la Ley 30\/1984 de Reforma de la Funci\u00f3n P\u00fablica\u00a0 y la clasificaci\u00f3n establecida en el Cuadro de clasificaci\u00f3n de funciones comunes de la\u00a0 administraci\u00f3n general del estado, aprobado por el Pleno de la Comisi\u00f3n Superior Calificadora de Documentos Administrativos de 13 de diciembre de 2017 y registrado en Cat\u00e1logo general de publicaciones oficiales: publicacionesoficiales.boe.es y en la Ley 2\/1982 reguladora del Tribunal de Cuentas.\u00a0\u00a0<\/p>\n\n<p>Tanto si eres <strong>funcionario de carrera como interino<\/strong>, te interesa disponer de un seguro de responsabilidad civil profesional que te proteja ante posibles reclamaciones y, por qu\u00e9 no, tambi\u00e9n para reclamar tus derechos. Un seguro que cubra tu Responsabilidad Civil Profesional, ya que cubre todo el \u00e1mbito de su actuaci\u00f3n al servicio de la Administraci\u00f3n, por reclamaciones derivadas de \u201cactos incorrectos\u201d -ya sean estos por acci\u00f3n como por omisi\u00f3n-, as\u00ed como otras interesantes coberturas adicionales.<\/p>\n\n<p><strong>Por qu\u00e9 te interesa contratar este seguro:<\/strong><\/p>\n\n<ul class=\"wp-block-list\">\n<li>Porque la excesiva carga de trabajo le dificulta, si no te impide, estar al d\u00eda en cuanto a la legislaci\u00f3n.<\/li>\n\n<li>Porque, a veces, la presi\u00f3n por parte de las autoridades y de los mismos ciudadanos provoca que puedan ocasionarse errores y que esos errores pueden ocasionar perjuicios econ\u00f3micos a la propia administraci\u00f3n en sus bienes y derechos, o a terceros.<\/li>\n\n<li>Porque disponer de un seguro de responsabilidad civil profesional para funcionarios de la Administraci\u00f3n te permitir\u00e1 disponer de un amplio abanico de coberturas para defenderte ante reclamaciones por parte de terceros o de la propia Administraci\u00f3n Local y, por qu\u00e9 no, reclamar tus derechos.<\/li>\n<\/ul>\n\t\t\t\t\t\t\t\t<\/div>\n\t\t\t\t<\/div>\n\t\t<div class=\"elementor-element elementor-element-2ea3de4 e-con-full e-flex e-con e-child\" data-id=\"2ea3de4\" data-element_type=\"container\" data-e-type=\"container\" data-settings=\"{&quot;background_background&quot;:&quot;classic&quot;}\">\n\t\t\t\t<div class=\"elementor-element elementor-element-a4c8728 elementor-widget elementor-widget-text-editor\" data-id=\"a4c8728\" data-element_type=\"widget\" data-e-type=\"widget\" data-widget_type=\"text-editor.default\">\n\t\t\t\t\t\t\t\t\t\n<h3>\u00bfQu\u00e9 cubre?<\/h3>\n\n<p>La responsabilidad civil profesional y contable del funcionario, de carrera o interino, incluyendo:<\/p>\n\n<ul class=\"wp-block-list\">\n<li>La acci\u00f3n de retorno de la administraci\u00f3n.<\/li>\n\n<li>Reclamaciones en v\u00eda administrativa y contencioso-administrativa.<\/li>\n\n<li>Reclamaciones del Tribunal de Cuentas.<\/li>\n\n<li>La p\u00e9rdida o extrav\u00edo de documentos.<\/li>\n\n<li>La inhabilitaci\u00f3n profesional hasta 3.500 \u20ac al mes y hasta 24 meses.<\/li>\n\n<li>Ampliaci\u00f3n, con car\u00e1cter gratuito, del periodo de reclamaci\u00f3n en los supuestos de fallecimiento, invalidez permanente, total, jubilaci\u00f3n o cesaci\u00f3n de la actividad.<\/li>\n\n<li>Las sanciones de la AEPD por la infracci\u00f3n de la L.O.P.D.<\/li>\n\n<li>Gastos de restituci\u00f3n de imagen.<\/li>\n\n<li>Defensa en casos de acoso, tanto como acosado como presunto acosador.<\/li>\n\n<li>Reclamaciones por agresi\u00f3n.<\/li>\n\n<li>Gastos de defensa por falta o disminuci\u00f3n de percepciones salariales.<\/li>\n\n<li>Constituci\u00f3n de fianzas civiles, penales y contables.<\/li>\n\n<li>Libre elecci\u00f3n de abogado en causas penales.<\/li>\n\n<li>Defensa en procedimientos administrativos disciplinarios.<\/li>\n\n<li>Garant\u00eda de Arbitraje.<\/li>\n\n<li>Retroactividad ilimitada.<\/li>\n\n<li>Compensaci\u00f3n por asistencia a juicio como testigo, 100 \u20ac d\u00eda y 1.500 \u20ac en el a\u00f1o por asegurado<\/li>\n\n<li>Gastos de defensa por reclamaci\u00f3n de tercero por difamaci\u00f3n o libelo, hasta 30.000 \u20ac<\/li>\n\n<li>Franquicias: \u00danicamente se aplicar\u00e1 una franquicia de 3.000 \u20ac en la cobertura de sanciones de la A.E.P.D. por infracciones de la L.O.P.D<\/li>\n<\/ul>\n\n<p>Esta p\u00f3liza de responsabilidad civil profesional para funcionarios de la Administraci\u00f3n no cubre da\u00f1os personales ni materiales (salvo p\u00e9rdida o extrav\u00edo de documentos), sino \u00fanicamente perjuicios econ\u00f3micos no derivados de da\u00f1o personal o material, por lo que no es adecuada para los responsables de prevenci\u00f3n de riesgos laborales.<\/p>\n\n<p>Tampoco tiene cobertura bajo esta p\u00f3liza aquellos funcionarios que pertenezcan a:<\/p>\n\n<ul class=\"wp-block-list\">\n<li>Cuerpos de Bomberos<\/li>\n\n<li>Funcionarios pertenecientes a las Fuerzas de Seguridad del Estado, de las CCAA, de los Guardias Rurales y cualquier otro cuerpo similar sea cual sea su denominaci\u00f3n.<\/li>\n\n<li>Jueces y Fiscales<\/li>\n\n<li>Miembros de la Abogac\u00eda del Estado<\/li>\n\n<li>Maestros y profesores de todos los niveles de ense\u00f1anza<\/li>\n\n<li>Inspectores Tributarios, de Aduanas y similares.<\/li>\n\n<li>Miembros de la Vigilancia Aduanera.<\/li>\n\n<li>As\u00ed como tampoco la defensa jur\u00eddica de las AAPP ante tribunales de cualquier tipo o la redacci\u00f3n de proyectos t\u00e9cnicos y la direcci\u00f3n de obras.<\/li>\n<\/ul>\n\t\t\t\t\t\t\t\t<\/div>\n\t\t\t\t<\/div>\n\t\t<div class=\"elementor-element elementor-element-3d900cf e-con-full e-flex e-con e-child\" data-id=\"3d900cf\" data-element_type=\"container\" data-e-type=\"container\" data-settings=\"{&quot;background_background&quot;:&quot;classic&quot;}\">\n\t\t\t\t<div class=\"elementor-element elementor-element-cf8aac2 elementor-widget elementor-widget-text-editor\" data-id=\"cf8aac2\" data-element_type=\"widget\" data-e-type=\"widget\" data-widget_type=\"text-editor.default\">\n\t\t\t\t\t\t\t\t\t\n<h3 class=\"wp-block-heading\">\u00bfC\u00f3mo te puedo ayudar?<\/h3>\n\n<p>D\u00e9jame tus datos y me pondr\u00e9 en contacto contigo con la mayor brevedad.<\/p>\n\t\t\t\t\t\t\t\t<\/div>\n\t\t\t\t<div class=\"elementor-element elementor-element-1853540 elementor-widget elementor-widget-text-editor\" data-id=\"1853540\" data-element_type=\"widget\" data-e-type=\"widget\" data-widget_type=\"text-editor.default\">\n\t\t\t\t\t\t\t\t\t<iframe id=\"tarificador\" class=\"w-full\" style=\"height: 360px\" src='http:\/\/tarificadores.urquiabas.com\/forms\/funcionariosgeneral?h=0' frameborder='0' allowfullscreen><\/iframe>\t\t\t\t\t\t\t\t<\/div>\n\t\t\t\t<\/div>\n\t\t\t\t\t<\/div>\n\t\t\t\t<\/div>\n\t\t\t\t<\/div>\n\t\t","protected":false},"excerpt":{"rendered":"<p>Si ets funcionari dels cossos generals (del cos t\u00e8cnic d&#8217;administraci\u00f3 civil o, funcionari del cos administratiu i, funcionaris dels cossos especials). Preus L\u00edmit Assegurat Preus Anuales 150.000 \u20ac 145,88 \u20ac 300.000 \u20ac 165,24 \u20ac 450.000 \u20ac 183,55 \u20ac 600.000 \u20ac 189,66 \u20ac 900.000 \u20ac 221,22 \u20ac 1.200.000 \u20ac 259,45 \u20ac 2.000.000 \u20ac 329,25 \u20ac Altres [&hellip;]<\/p>\n","protected":false},"author":84,"featured_media":16404,"parent":0,"menu_order":0,"comment_status":"closed","ping_status":"closed","template":"","meta":{"_acf_changed":true,"inline_featured_image":false,"footnotes":""},"class_list":["post-21246","page","type-page","status-publish","has-post-thumbnail","hentry"],"acf":{"contacte":"ramon","titulo":"Responsabilitat Civil per a Funcionaris de l'Administraci\u00f3<br>General de l'Estat i Auton\u00f2mica","id_nex":"8","odoo":"http:\/\/tarificadores.urquiabas.com\/forms\/funcionariosgeneral?h=0","contacte_responsable_telefon":"630 98 44 38","contacte_responsable_email":"ramonurquia@urquiabas.com","responsable":"Ramon de Urqu\u00eda","text_responsable":"S\u00f3c en Ramon d'Urquia, llicenciat en dret i corredor d'assegurances. El primer em permet tenir els coneixements necessaris per avaluar els riscos de responsabilitat civil dels nostres assegurats i el segon, transferir-los a les asseguradores en les condicions m\u00e9s adequades. El meu objectiu \u00e9s protegir el vostre patrimoni personal, oferint la millor soluci\u00f3 asseguradora.","cta":"\u00a1Calcula i contracta!","foto_responsable":"https:\/\/urquiabas.com\/wp-content\/uploads\/2023\/11\/foto-ramon-sin-gafas-de-lado-1-e1771847441516.png"},"yoast_head":"<!-- This site is optimized with the Yoast SEO plugin v27.4 - https:\/\/yoast.com\/product\/yoast-seo-wordpress\/ -->\n<title>RC per a Funcionaris de la Administraci\u00f3 General de l&#039;Estat i Auton\u00f2mica - Urqu\u00eda&amp;Bas<\/title>\n<meta name=\"robots\" content=\"index, follow, max-snippet:-1, max-image-preview:large, max-video-preview:-1\" \/>\n<link rel=\"canonical\" href=\"https:\/\/urquiabas.com\/ca\/rc-per-a-funcionaris-de-la-administracio-general-de-lestat-i-autonomica\/\" \/>\n<meta property=\"og:locale\" content=\"ca_ES\" \/>\n<meta property=\"og:type\" content=\"article\" \/>\n<meta property=\"og:title\" content=\"RC per a Funcionaris de la Administraci\u00f3 General de l&#039;Estat i Auton\u00f2mica - Urqu\u00eda&amp;Bas\" \/>\n<meta property=\"og:description\" content=\"Si ets funcionari dels cossos generals (del cos t\u00e8cnic d&#8217;administraci\u00f3 civil o, funcionari del cos administratiu i, funcionaris dels cossos especials). Preus L\u00edmit Assegurat Preus Anuales 150.000 \u20ac 145,88 \u20ac 300.000 \u20ac 165,24 \u20ac 450.000 \u20ac 183,55 \u20ac 600.000 \u20ac 189,66 \u20ac 900.000 \u20ac 221,22 \u20ac 1.200.000 \u20ac 259,45 \u20ac 2.000.000 \u20ac 329,25 \u20ac Altres [&hellip;]\" \/>\n<meta property=\"og:url\" content=\"https:\/\/urquiabas.com\/ca\/rc-per-a-funcionaris-de-la-administracio-general-de-lestat-i-autonomica\/\" \/>\n<meta property=\"og:site_name\" content=\"Urqu\u00eda&amp;Bas\" \/>\n<meta property=\"article:publisher\" content=\"https:\/\/www.facebook.com\/UrquiaBas\/\" \/>\n<meta property=\"article:modified_time\" content=\"2025-12-02T10:32:32+00:00\" \/>\n<meta property=\"og:image\" content=\"https:\/\/urquiabas.com\/wp-content\/uploads\/2021\/02\/Header_sital_new.jpg\" \/>\n\t<meta property=\"og:image:width\" content=\"1920\" \/>\n\t<meta property=\"og:image:height\" content=\"667\" \/>\n\t<meta property=\"og:image:type\" content=\"image\/jpeg\" \/>\n<meta name=\"twitter:card\" content=\"summary_large_image\" \/>\n<meta name=\"twitter:site\" content=\"@BasUrquia\" \/>\n<meta name=\"twitter:label1\" content=\"Temps estimat de lectura\" \/>\n\t<meta name=\"twitter:data1\" content=\"4 minuts\" \/>\n<script type=\"application\/ld+json\" class=\"yoast-schema-graph\">{\"@context\":\"https:\\\/\\\/schema.org\",\"@graph\":[{\"@type\":\"WebPage\",\"@id\":\"https:\\\/\\\/urquiabas.com\\\/ca\\\/rc-per-a-funcionaris-de-la-administracio-general-de-lestat-i-autonomica\\\/\",\"url\":\"https:\\\/\\\/urquiabas.com\\\/ca\\\/rc-per-a-funcionaris-de-la-administracio-general-de-lestat-i-autonomica\\\/\",\"name\":\"RC per a Funcionaris de la Administraci\u00f3 General de l'Estat i Auton\u00f2mica - Urqu\u00eda&amp;Bas\",\"isPartOf\":{\"@id\":\"https:\\\/\\\/urquiabas.com\\\/#website\"},\"primaryImageOfPage\":{\"@id\":\"https:\\\/\\\/urquiabas.com\\\/ca\\\/rc-per-a-funcionaris-de-la-administracio-general-de-lestat-i-autonomica\\\/#primaryimage\"},\"image\":{\"@id\":\"https:\\\/\\\/urquiabas.com\\\/ca\\\/rc-per-a-funcionaris-de-la-administracio-general-de-lestat-i-autonomica\\\/#primaryimage\"},\"thumbnailUrl\":\"https:\\\/\\\/urquiabas.com\\\/wp-content\\\/uploads\\\/2021\\\/02\\\/Header_sital_new.jpg\",\"datePublished\":\"2024-06-17T09:33:22+00:00\",\"dateModified\":\"2025-12-02T10:32:32+00:00\",\"breadcrumb\":{\"@id\":\"https:\\\/\\\/urquiabas.com\\\/ca\\\/rc-per-a-funcionaris-de-la-administracio-general-de-lestat-i-autonomica\\\/#breadcrumb\"},\"inLanguage\":\"ca\",\"potentialAction\":[{\"@type\":\"ReadAction\",\"target\":[\"https:\\\/\\\/urquiabas.com\\\/ca\\\/rc-per-a-funcionaris-de-la-administracio-general-de-lestat-i-autonomica\\\/\"]}]},{\"@type\":\"ImageObject\",\"inLanguage\":\"ca\",\"@id\":\"https:\\\/\\\/urquiabas.com\\\/ca\\\/rc-per-a-funcionaris-de-la-administracio-general-de-lestat-i-autonomica\\\/#primaryimage\",\"url\":\"https:\\\/\\\/urquiabas.com\\\/wp-content\\\/uploads\\\/2021\\\/02\\\/Header_sital_new.jpg\",\"contentUrl\":\"https:\\\/\\\/urquiabas.com\\\/wp-content\\\/uploads\\\/2021\\\/02\\\/Header_sital_new.jpg\",\"width\":1920,\"height\":667,\"caption\":\"Template businesswoman modern office working on laptop computer\"},{\"@type\":\"BreadcrumbList\",\"@id\":\"https:\\\/\\\/urquiabas.com\\\/ca\\\/rc-per-a-funcionaris-de-la-administracio-general-de-lestat-i-autonomica\\\/#breadcrumb\",\"itemListElement\":[{\"@type\":\"ListItem\",\"position\":1,\"name\":\"Portada\",\"item\":\"https:\\\/\\\/urquiabas.com\\\/\"},{\"@type\":\"ListItem\",\"position\":2,\"name\":\"RC per a Funcionaris de la Administraci\u00f3 General de l&#8217;Estat i Auton\u00f2mica\"}]},{\"@type\":\"WebSite\",\"@id\":\"https:\\\/\\\/urquiabas.com\\\/#website\",\"url\":\"https:\\\/\\\/urquiabas.com\\\/\",\"name\":\"Urqu\u00eda&amp;Bas\",\"description\":\"Corredur\u00eda de seguros | Lleida\",\"publisher\":{\"@id\":\"https:\\\/\\\/urquiabas.com\\\/#organization\"},\"potentialAction\":[{\"@type\":\"SearchAction\",\"target\":{\"@type\":\"EntryPoint\",\"urlTemplate\":\"https:\\\/\\\/urquiabas.com\\\/?s={search_term_string}\"},\"query-input\":{\"@type\":\"PropertyValueSpecification\",\"valueRequired\":true,\"valueName\":\"search_term_string\"}}],\"inLanguage\":\"ca\"},{\"@type\":\"Organization\",\"@id\":\"https:\\\/\\\/urquiabas.com\\\/#organization\",\"name\":\"Urquia & Bas S.L\",\"url\":\"https:\\\/\\\/urquiabas.com\\\/\",\"logo\":{\"@type\":\"ImageObject\",\"inLanguage\":\"ca\",\"@id\":\"https:\\\/\\\/urquiabas.com\\\/#\\\/schema\\\/logo\\\/image\\\/\",\"url\":\"https:\\\/\\\/urquiabas.com\\\/wp-content\\\/uploads\\\/2018\\\/03\\\/logoubmail2018.jpg\",\"contentUrl\":\"https:\\\/\\\/urquiabas.com\\\/wp-content\\\/uploads\\\/2018\\\/03\\\/logoubmail2018.jpg\",\"width\":258,\"height\":61,\"caption\":\"Urquia & Bas S.L\"},\"image\":{\"@id\":\"https:\\\/\\\/urquiabas.com\\\/#\\\/schema\\\/logo\\\/image\\\/\"},\"sameAs\":[\"https:\\\/\\\/www.facebook.com\\\/UrquiaBas\\\/\",\"https:\\\/\\\/x.com\\\/BasUrquia\",\"https:\\\/\\\/www.instagram.com\\\/urquiabas\\\/\",\"https:\\\/\\\/www.linkedin.com\\\/company\\\/3125928\\\/\"]}]}<\/script>\n<!-- \/ Yoast SEO plugin. -->","yoast_head_json":{"title":"RC per a Funcionaris de la Administraci\u00f3 General de l'Estat i Auton\u00f2mica - Urqu\u00eda&amp;Bas","robots":{"index":"index","follow":"follow","max-snippet":"max-snippet:-1","max-image-preview":"max-image-preview:large","max-video-preview":"max-video-preview:-1"},"canonical":"https:\/\/urquiabas.com\/ca\/rc-per-a-funcionaris-de-la-administracio-general-de-lestat-i-autonomica\/","og_locale":"ca_ES","og_type":"article","og_title":"RC per a Funcionaris de la Administraci\u00f3 General de l'Estat i Auton\u00f2mica - Urqu\u00eda&amp;Bas","og_description":"Si ets funcionari dels cossos generals (del cos t\u00e8cnic d&#8217;administraci\u00f3 civil o, funcionari del cos administratiu i, funcionaris dels cossos especials). Preus L\u00edmit Assegurat Preus Anuales 150.000 \u20ac 145,88 \u20ac 300.000 \u20ac 165,24 \u20ac 450.000 \u20ac 183,55 \u20ac 600.000 \u20ac 189,66 \u20ac 900.000 \u20ac 221,22 \u20ac 1.200.000 \u20ac 259,45 \u20ac 2.000.000 \u20ac 329,25 \u20ac Altres [&hellip;]","og_url":"https:\/\/urquiabas.com\/ca\/rc-per-a-funcionaris-de-la-administracio-general-de-lestat-i-autonomica\/","og_site_name":"Urqu\u00eda&amp;Bas","article_publisher":"https:\/\/www.facebook.com\/UrquiaBas\/","article_modified_time":"2025-12-02T10:32:32+00:00","og_image":[{"width":1920,"height":667,"url":"https:\/\/urquiabas.com\/wp-content\/uploads\/2021\/02\/Header_sital_new.jpg","type":"image\/jpeg"}],"twitter_card":"summary_large_image","twitter_site":"@BasUrquia","twitter_misc":{"Temps estimat de lectura":"4 minuts"},"schema":{"@context":"https:\/\/schema.org","@graph":[{"@type":"WebPage","@id":"https:\/\/urquiabas.com\/ca\/rc-per-a-funcionaris-de-la-administracio-general-de-lestat-i-autonomica\/","url":"https:\/\/urquiabas.com\/ca\/rc-per-a-funcionaris-de-la-administracio-general-de-lestat-i-autonomica\/","name":"RC per a Funcionaris de la Administraci\u00f3 General de l'Estat i Auton\u00f2mica - Urqu\u00eda&amp;Bas","isPartOf":{"@id":"https:\/\/urquiabas.com\/#website"},"primaryImageOfPage":{"@id":"https:\/\/urquiabas.com\/ca\/rc-per-a-funcionaris-de-la-administracio-general-de-lestat-i-autonomica\/#primaryimage"},"image":{"@id":"https:\/\/urquiabas.com\/ca\/rc-per-a-funcionaris-de-la-administracio-general-de-lestat-i-autonomica\/#primaryimage"},"thumbnailUrl":"https:\/\/urquiabas.com\/wp-content\/uploads\/2021\/02\/Header_sital_new.jpg","datePublished":"2024-06-17T09:33:22+00:00","dateModified":"2025-12-02T10:32:32+00:00","breadcrumb":{"@id":"https:\/\/urquiabas.com\/ca\/rc-per-a-funcionaris-de-la-administracio-general-de-lestat-i-autonomica\/#breadcrumb"},"inLanguage":"ca","potentialAction":[{"@type":"ReadAction","target":["https:\/\/urquiabas.com\/ca\/rc-per-a-funcionaris-de-la-administracio-general-de-lestat-i-autonomica\/"]}]},{"@type":"ImageObject","inLanguage":"ca","@id":"https:\/\/urquiabas.com\/ca\/rc-per-a-funcionaris-de-la-administracio-general-de-lestat-i-autonomica\/#primaryimage","url":"https:\/\/urquiabas.com\/wp-content\/uploads\/2021\/02\/Header_sital_new.jpg","contentUrl":"https:\/\/urquiabas.com\/wp-content\/uploads\/2021\/02\/Header_sital_new.jpg","width":1920,"height":667,"caption":"Template businesswoman modern office working on laptop computer"},{"@type":"BreadcrumbList","@id":"https:\/\/urquiabas.com\/ca\/rc-per-a-funcionaris-de-la-administracio-general-de-lestat-i-autonomica\/#breadcrumb","itemListElement":[{"@type":"ListItem","position":1,"name":"Portada","item":"https:\/\/urquiabas.com\/"},{"@type":"ListItem","position":2,"name":"RC per a Funcionaris de la Administraci\u00f3 General de l&#8217;Estat i Auton\u00f2mica"}]},{"@type":"WebSite","@id":"https:\/\/urquiabas.com\/#website","url":"https:\/\/urquiabas.com\/","name":"Urqu\u00eda&amp;Bas","description":"Corredur\u00eda de seguros | Lleida","publisher":{"@id":"https:\/\/urquiabas.com\/#organization"},"potentialAction":[{"@type":"SearchAction","target":{"@type":"EntryPoint","urlTemplate":"https:\/\/urquiabas.com\/?s={search_term_string}"},"query-input":{"@type":"PropertyValueSpecification","valueRequired":true,"valueName":"search_term_string"}}],"inLanguage":"ca"},{"@type":"Organization","@id":"https:\/\/urquiabas.com\/#organization","name":"Urquia & Bas S.L","url":"https:\/\/urquiabas.com\/","logo":{"@type":"ImageObject","inLanguage":"ca","@id":"https:\/\/urquiabas.com\/#\/schema\/logo\/image\/","url":"https:\/\/urquiabas.com\/wp-content\/uploads\/2018\/03\/logoubmail2018.jpg","contentUrl":"https:\/\/urquiabas.com\/wp-content\/uploads\/2018\/03\/logoubmail2018.jpg","width":258,"height":61,"caption":"Urquia & Bas S.L"},"image":{"@id":"https:\/\/urquiabas.com\/#\/schema\/logo\/image\/"},"sameAs":["https:\/\/www.facebook.com\/UrquiaBas\/","https:\/\/x.com\/BasUrquia","https:\/\/www.instagram.com\/urquiabas\/","https:\/\/www.linkedin.com\/company\/3125928\/"]}]}},"_links":{"self":[{"href":"https:\/\/urquiabas.com\/ca\/wp-json\/wp\/v2\/pages\/21246","targetHints":{"allow":["GET"]}}],"collection":[{"href":"https:\/\/urquiabas.com\/ca\/wp-json\/wp\/v2\/pages"}],"about":[{"href":"https:\/\/urquiabas.com\/ca\/wp-json\/wp\/v2\/types\/page"}],"author":[{"embeddable":true,"href":"https:\/\/urquiabas.com\/ca\/wp-json\/wp\/v2\/users\/84"}],"replies":[{"embeddable":true,"href":"https:\/\/urquiabas.com\/ca\/wp-json\/wp\/v2\/comments?post=21246"}],"version-history":[{"count":0,"href":"https:\/\/urquiabas.com\/ca\/wp-json\/wp\/v2\/pages\/21246\/revisions"}],"wp:featuredmedia":[{"embeddable":true,"href":"https:\/\/urquiabas.com\/ca\/wp-json\/wp\/v2\/media\/16404"}],"wp:attachment":[{"href":"https:\/\/urquiabas.com\/ca\/wp-json\/wp\/v2\/media?parent=21246"}],"curies":[{"name":"wp","href":"https:\/\/api.w.org\/{rel}","templated":true}]}}